{"id":1600,"date":"2024-04-26T13:41:57","date_gmt":"2024-04-26T11:41:57","guid":{"rendered":"https:\/\/epiladerma.styleinc.eu\/hjem\/"},"modified":"2026-04-06T15:57:43","modified_gmt":"2026-04-06T13:57:43","slug":"hjem","status":"publish","type":"page","link":"https:\/\/www.epiladerma.de\/da\/","title":{"rendered":"Permanent h\u00e5rfjerning i Flensborg og omegn"},"content":{"rendered":"<p>[et_pb_section fb_built=&#8221;1&#8243; custom_padding_last_edited=&#8221;on|tablet&#8221; admin_label=&#8221;Hero Section&#8221; module_id=&#8221;home&#8221; module_class=&#8221;hero-section&#8221; _builder_version=&#8221;4.27.4&#8243; _module_preset=&#8221;default&#8221; background_enable_color=&#8221;off&#8221; use_background_color_gradient=&#8221;on&#8221; background_color_gradient_stops=&#8221;rgba(235,243,245,0.75) 0%|rgba(187,222,240,0.6) 100%&#8221; height=&#8221;100vh&#8221; custom_padding=&#8221;195px||0px||false|false&#8221; custom_padding_tablet=&#8221;147px||0px||false|false&#8221; custom_padding_phone=&#8221;106px||||false|false&#8221; global_colors_info=&#8221;{}&#8221;][et_pb_row use_custom_gutter=&#8221;on&#8221; gutter_width=&#8221;1&#8243; make_equal=&#8221;on&#8221; custom_padding_last_edited=&#8221;on|phone&#8221; _builder_version=&#8221;4.25.0&#8243; _module_preset=&#8221;default&#8221; width=&#8221;100%&#8221; max_width=&#8221;100%&#8221; height=&#8221;100%&#8221; custom_padding=&#8221;0px|60px|0px|60px|true|true&#8221; custom_padding_tablet=&#8221;0px|60px|0px|60px|true|true&#8221; custom_padding_phone=&#8221;0px|20px|0px|20px|true|true&#8221; global_colors_info=&#8221;{}&#8221;][et_pb_column type=&#8221;4_4&#8243; _builder_version=&#8221;4.25.0&#8243; _module_preset=&#8221;default&#8221; custom_css_main_element=&#8221;height: 100%;&#8221; global_colors_info=&#8221;{}&#8221;][et_pb_text admin_label=&#8221;Haarentfernung schmerzfrei &#038; dauerhaft&#8221; _builder_version=&#8221;4.25.1&#8243; _module_preset=&#8221;default&#8221; header_text_align=&#8221;center&#8221; animation_style=&#8221;slide&#8221; animation_direction=&#8221;bottom&#8221; animation_intensity_slide=&#8221;20%&#8221; global_colors_info=&#8221;{}&#8221;]<\/p>\n<h1>Permanent h\u00e5rfjerning fra<span>professionelle h\u00e6nder<\/span><\/h1>\n<p>[\/et_pb_text][et_pb_code admin_label=&#8221;BERATUNG  ANFRAGEN Button&#8221; module_class=&#8221;hero-btn&#8221; _builder_version=&#8221;4.27.6&#8243; _module_preset=&#8221;default&#8221; z_index=&#8221;1&#8243; animation_style=&#8221;slide&#8221; animation_direction=&#8221;bottom&#8221; animation_intensity_slide=&#8221;20%&#8221; hover_enabled=&#8221;0&#8243; global_colors_info=&#8221;{}&#8221; sticky_enabled=&#8221;0&#8243;]<a href=\"https:\/\/www.epiladerma.de\/da\/kontakt\/\">ANMODNING OM KONSULTATION<\/a>[\/et_pb_code][et_pb_image src=&#8221;https:\/\/www.epiladerma.de\/wp-content\/uploads\/2025\/07\/NISV-Badge.svg&#8221; title_text=&#8221;NISV-Badge&#8221; disabled_on=&#8221;on|on|on&#8221; module_class=&#8221;hero-nisv-badge&#8221; _builder_version=&#8221;4.27.4&#8243; _module_preset=&#8221;default&#8221; global_colors_info=&#8221;{}&#8221;][\/et_pb_image][et_pb_image src=&#8221;https:\/\/www.epiladerma.de\/wp-content\/uploads\/2024\/05\/banner-women-img.png&#8221; alt=&#8221;En kvinde sidder med benene over kors p\u00e5 gulvet og demonstrerer permanent h\u00e5rfjerning udf\u00f8rt af professionelle.&#8221; title_text=&#8221;Permanente Haarentfernung aus professionellen H\u00e4nden&#8221; module_class=&#8221;hero-figure&#8221; _builder_version=&#8221;4.25.1&#8243; _module_preset=&#8221;default&#8221; positioning=&#8221;absolute&#8221; position_origin_a=&#8221;bottom_center&#8221; width=&#8221;100%&#8221; max_width=&#8221;342px&#8221; max_width_tablet=&#8221;405px&#8221; max_width_phone=&#8221;405px&#8221; max_width_last_edited=&#8221;on|phone&#8221; animation_direction=&#8221;bottom&#8221; global_colors_info=&#8221;{}&#8221;][\/et_pb_image][et_pb_code admin_label=&#8221;Scrolling Text&#8221; module_class=&#8221;scrolling-text-module&#8221; _builder_version=&#8221;4.25.0&#8243; _module_preset=&#8221;default&#8221; global_colors_info=&#8221;{}&#8221;]<\/p>\n<nav class=\"scrollmenu\"><!-- [et_pb_line_break_holder] -->  <\/p>\n<div class=\"scrollmenu__item\"><!-- [et_pb_line_break_holder] -->    <\/p>\n<div class=\"marquee\"><!-- [et_pb_line_break_holder] -->      <\/p>\n<div class=\"marquee__inner\"><!-- [et_pb_line_break_holder] -->        <span>epilaDerma<\/span><!-- [et_pb_line_break_holder] -->        <span>epilaDerma<\/span><!-- [et_pb_line_break_holder] -->        <span>epilaDerma<\/span><!-- [et_pb_line_break_holder] -->        <span>epilaDerma<\/span><!-- [et_pb_line_break_holder] -->      <\/div>\n<p><!-- [et_pb_line_break_holder] -->    <\/div>\n<p><!-- [et_pb_line_break_holder] -->  <\/div>\n<p><!-- [et_pb_line_break_holder] --><\/nav>\n<p>[\/et_pb_code][\/et_pb_column][\/et_pb_row][\/et_pb_section][et_pb_section fb_built=&#8221;1&#8243; custom_padding_last_edited=&#8221;on|tablet&#8221; admin_label=&#8221;About Section&#8221; module_id=&#8221;ueber-uns&#8221; module_class=&#8221;about-section-top&#8221; _builder_version=&#8221;4.25.0&#8243; _module_preset=&#8221;default&#8221; z_index=&#8221;10&#8243; custom_margin=&#8221;||||false|false&#8221; custom_padding=&#8221;140px||140px||true|false&#8221; custom_padding_tablet=&#8221;131px||73px||false|false&#8221; custom_padding_phone=&#8221;101px||53px||false|false&#8221; border_radii=&#8221;off||||&#8221; border_radii_tablet=&#8221;off|||35px|35px&#8221; border_radii_phone=&#8221;off|||25px|25px&#8221; border_radii_last_edited=&#8221;on|phone&#8221; global_colors_info=&#8221;{}&#8221;][et_pb_row _builder_version=&#8221;4.25.0&#8243; _module_preset=&#8221;default&#8221; custom_padding=&#8221;0px||0px||true|false&#8221; global_colors_info=&#8221;{}&#8221;][et_pb_column type=&#8221;4_4&#8243; _builder_version=&#8221;4.25.0&#8243; _module_preset=&#8221;default&#8221; global_colors_info=&#8221;{}&#8221;][et_pb_text admin_label=&#8221;Verabschieden Sie sich von unerw\u00fcnschter K\u00f6rperbehaarung&#8230;&#8221; _builder_version=&#8221;4.27.4&#8243; _module_preset=&#8221;default&#8221; header_3_text_align=&#8221;center&#8221; custom_margin=&#8221;||23px||false|false&#8221; custom_margin_tablet=&#8221;||15px||false|false&#8221; custom_margin_phone=&#8221;||6px||false|false&#8221; custom_margin_last_edited=&#8221;on|tablet&#8221; animation_style=&#8221;slide&#8221; animation_direction=&#8221;bottom&#8221; animation_intensity_slide=&#8221;20%&#8221; global_colors_info=&#8221;{}&#8221;]<\/p>\n<h3>Sig farvel til u\u00f8nsket kropsbeh\u00e5ring med <span>IPL- og laserteknologi fra den NISV-certificerede specialist i permanent h\u00e5rfjerning<\/span><\/h3>\n<p>[\/et_pb_text][et_pb_text admin_label=&#8221;Ihre Haut verdient die beste Pflege \u2013 und&#8230;&#8221; _builder_version=&#8221;4.27.3&#8243; _module_preset=&#8221;default&#8221; text_orientation=&#8221;center&#8221; max_width=&#8221;1000px&#8221; module_alignment=&#8221;center&#8221; animation_style=&#8221;slide&#8221; animation_direction=&#8221;bottom&#8221; animation_intensity_slide=&#8221;20%&#8221; global_colors_info=&#8221;{}&#8221;]Din hud fortjener den bedste behandling &#8211; og du fortjener frihed og selvtillid. Hos os, din betroede specialist siden 2007, finder du topmoderne l\u00f8sninger til permanent h\u00e5rfjerning: b\u00e5de IPL- og laserteknologi. Begge metoder er sikre, effektive og sikrer, at du kan f\u00f8le dig fri for u\u00f8nsket h\u00e5r hver dag.[\/et_pb_text][\/et_pb_column][\/et_pb_row][\/et_pb_section][et_pb_section fb_built=&#8221;1&#8243; admin_label=&#8221;Video Section&#8221; module_class=&#8221;video-section&#8221; _builder_version=&#8221;4.27.4&#8243; _module_preset=&#8221;default&#8221; background_color=&#8221;#081E29&#8243; background_video_mp4=&#8221;https:\/\/www.epiladerma.de\/wp-content\/uploads\/2024\/05\/epiladerma-intro-video.mp4&#8243; z_index=&#8221;1&#8243; custom_margin=&#8221;|3%||3%|false|true&#8221; custom_margin_tablet=&#8221;|10%||10%|false|true&#8221; custom_margin_phone=&#8221;|10%||10%|false|true&#8221; custom_margin_last_edited=&#8221;on|tablet&#8221; custom_padding=&#8221;0px||0px||true|false&#8221; background_last_edited=&#8221;on|phone&#8221; background_enable_video_mp4_tablet=&#8221;off&#8221; background_enable_video_mp4_phone=&#8221;off&#8221; border_radii=&#8221;on|20px|20px|20px|20px&#8221; border_radii_tablet=&#8221;on|20px|20px|20px|20px&#8221; border_radii_phone=&#8221;on|15px|15px|15px|15px&#8221; border_radii_last_edited=&#8221;on|phone&#8221; global_colors_info=&#8221;{}&#8221;][et_pb_row _builder_version=&#8221;4.27.4&#8243; _module_preset=&#8221;default&#8221; background_color=&#8221;rgba(8,30,41,0)&#8221; width=&#8221;100%&#8221; max_width=&#8221;100%&#8221; height=&#8221;100%&#8221; custom_padding=&#8221;0px||0px||true|false&#8221; global_colors_info=&#8221;{}&#8221;][et_pb_column type=&#8221;4_4&#8243; _builder_version=&#8221;4.27.4&#8243; _module_preset=&#8221;default&#8221; custom_css_main_element=&#8221;height: 100%;&#8221; global_colors_info=&#8221;{}&#8221;][et_pb_code admin_label=&#8221;Video Play Button&#8221; _builder_version=&#8221;4.27.4&#8243; _module_preset=&#8221;default&#8221; global_colors_info=&#8221;{}&#8221;]<\/p>\n<div class=\"video-play\"><\/div>\n<p>[\/et_pb_code][et_pb_video src=&#8221;https:\/\/www.epiladerma.de\/wp-content\/uploads\/2024\/05\/epiladerma-new-video-compressed-1.mp4&#8243; image_src=&#8221;https:\/\/www.epiladerma.de\/wp-content\/uploads\/2024\/12\/video-overlay.jpg&#8221; module_class=&#8221;front-ios-video&#8221; _builder_version=&#8221;4.27.4&#8243; _module_preset=&#8221;default&#8221; global_colors_info=&#8221;{}&#8221;][\/et_pb_video][\/et_pb_column][\/et_pb_row][\/et_pb_section][et_pb_section fb_built=&#8221;1&#8243; custom_padding_last_edited=&#8221;on|tablet&#8221; disabled_on=&#8221;off|off|off&#8221; admin_label=&#8221;About Section&#8221; module_class=&#8221;about-section-mid&#8221; _builder_version=&#8221;4.25.0&#8243; _module_preset=&#8221;default&#8221; background_color=&#8221;gcid-57d11f15-cc73-4093-8808-a4c8524a838e&#8221; custom_margin=&#8221;-430px||||false|false&#8221; custom_margin_tablet=&#8221;-250px||||false|false&#8221; custom_margin_phone=&#8221;-175px||||false|false&#8221; custom_margin_last_edited=&#8221;on|tablet&#8221; custom_padding=&#8221;580px||150px||false|false&#8221; custom_padding_tablet=&#8221;330px||80px||false|false&#8221; custom_padding_phone=&#8221;235px||60px||false|false&#8221; collapsed=&#8221;off&#8221; global_colors_info=&#8221;{%22gcid-57d11f15-cc73-4093-8808-a4c8524a838e%22:%91%22background_color%22%93}&#8221;][et_pb_row column_structure=&#8221;1_4,1_2,1_4&#8243; use_custom_gutter=&#8221;on&#8221; gutter_width=&#8221;1&#8243; make_equal=&#8221;on&#8221; custom_padding_last_edited=&#8221;on|tablet&#8221; _builder_version=&#8221;4.25.1&#8243; _module_preset=&#8221;default&#8221; width=&#8221;90%&#8221; width_tablet=&#8221;80%&#8221; width_phone=&#8221;80%&#8221; width_last_edited=&#8221;on|tablet&#8221; max_width=&#8221;90%&#8221; max_width_tablet=&#8221;80%&#8221; max_width_phone=&#8221;80%&#8221; max_width_last_edited=&#8221;on|tablet&#8221; custom_padding=&#8221;0px||85px||false|false&#8221; custom_padding_tablet=&#8221;0px||55px||false|false&#8221; custom_padding_phone=&#8221;0px||18px||false|false&#8221; global_colors_info=&#8221;{}&#8221;][et_pb_column type=&#8221;1_4&#8243; _builder_version=&#8221;4.25.0&#8243; _module_preset=&#8221;default&#8221; global_colors_info=&#8221;{}&#8221;][et_pb_image src=&#8221;https:\/\/www.epiladerma.de\/wp-content\/uploads\/2024\/05\/about-img-2.jpg&#8221; alt=&#8221;En mand med solbriller bruger et apparat med IPL- og laserteknologi til at fjerne u\u00f8nsket kropsbeh\u00e5ring.&#8221; title_text=&#8221;about-img-2&#8243; align=&#8221;right&#8221; admin_label=&#8221;Image&#8221; _builder_version=&#8221;4.27.4&#8243; _module_preset=&#8221;default&#8221; z_index=&#8221;368&#8243; max_width=&#8221;80%&#8221; max_width_tablet=&#8221;80%&#8221; max_width_phone=&#8221;100%&#8221; max_width_last_edited=&#8221;on|tablet&#8221; border_radii=&#8221;on|10px|10px|10px|10px&#8221; global_colors_info=&#8221;{}&#8221;][\/et_pb_image][et_pb_image src=&#8221;https:\/\/www.epiladerma.de\/wp-content\/uploads\/2024\/05\/about-img-1.jpg&#8221; title_text=&#8221;about-img-1&#8243; disabled_on=&#8221;on|off|off&#8221; _builder_version=&#8221;4.25.1&#8243; _module_preset=&#8221;default&#8221; max_width=&#8221;70%&#8221; max_width_tablet=&#8221;50%&#8221; max_width_phone=&#8221;50%&#8221; max_width_last_edited=&#8221;on|tablet&#8221; custom_margin=&#8221;-100px||||false|false&#8221; border_radii=&#8221;on|10px|10px|10px|10px&#8221; global_colors_info=&#8221;{}&#8221;][\/et_pb_image][\/et_pb_column][et_pb_column type=&#8221;1_2&#8243; module_class=&#8221;about-midtext-col&#8221; _builder_version=&#8221;4.25.1&#8243; _module_preset=&#8221;default&#8221; custom_padding=&#8221;102px|70px||70px|false|true&#8221; custom_padding_tablet=&#8221;50px|0px||0px|false|true&#8221; custom_padding_phone=&#8221;32px|0px||0px|false|true&#8221; custom_padding_last_edited=&#8221;on|tablet&#8221; global_colors_info=&#8221;{}&#8221;][et_pb_text admin_label=&#8221;Individuelle Behandlung, die wirklich auf&#8230;&#8221; _builder_version=&#8221;4.25.1&#8243; _module_preset=&#8221;default&#8221; header_3_text_align=&#8221;center&#8221; custom_margin=&#8221;||23px||false|false&#8221; custom_margin_tablet=&#8221;||15px||false|false&#8221; custom_margin_phone=&#8221;||6px||false|false&#8221; custom_margin_last_edited=&#8221;on|tablet&#8221; animation_style=&#8221;slide&#8221; animation_direction=&#8221;bottom&#8221; animation_intensity_slide=&#8221;20%&#8221; global_colors_info=&#8221;{}&#8221;]<\/p>\n<h3>Personlige behandlinger,<br \/>\n, der virkelig er skr\u00e6ddersyet til<br \/>\n<span>dig.<\/span><\/h3>\n<p>[\/et_pb_text][et_pb_text admin_label=&#8221;Jeder Haut- und Haartyp ist einzigartig, und&#8230;&#8221; _builder_version=&#8221;4.25.1&#8243; _module_preset=&#8221;default&#8221; text_orientation=&#8221;center&#8221; animation_style=&#8221;slide&#8221; animation_direction=&#8221;bottom&#8221; animation_intensity_slide=&#8221;20%&#8221; global_colors_info=&#8221;{}&#8221;]Hver hud- og h\u00e5rtype er unik, og derfor fortjener hver kunde en passende l\u00f8sning. Vi lytter, vi r\u00e5dgiver, og vi handler &#8211; med dit velbefindende som h\u00f8jeste prioritet. I en indledende gratis konsultation analyserer vi sammen med dig, hvilken teknologi &#8211; IPL eller laser &#8211; der passer bedst til dine behov.[\/et_pb_text][\/et_pb_column][et_pb_column type=&#8221;1_4&#8243; _builder_version=&#8221;4.25.0&#8243; _module_preset=&#8221;default&#8221; global_colors_info=&#8221;{}&#8221;][et_pb_image src=&#8221;https:\/\/www.epiladerma.de\/wp-content\/uploads\/2024\/05\/about-img-4-1.jpg&#8221; alt=&#8221;En kvinde f\u00e5r individuelle laserbehandlinger.&#8221; title_text=&#8221;about-img-4&#8243; disabled_on=&#8221;on|on|off&#8221; _builder_version=&#8221;4.25.1&#8243; _module_preset=&#8221;default&#8221; max_width=&#8221;85%&#8221; border_radii=&#8221;on|10px|10px|10px|10px&#8221; global_colors_info=&#8221;{}&#8221;][\/et_pb_image][et_pb_image src=&#8221;https:\/\/www.epiladerma.de\/wp-content\/uploads\/2024\/05\/about-img-3.jpg&#8221; title_text=&#8221;about-img-3&#8243; align=&#8221;right&#8221; disabled_on=&#8221;on|on|off&#8221; _builder_version=&#8221;4.25.1&#8243; _module_preset=&#8221;default&#8221; max_width=&#8221;65%&#8221; custom_margin=&#8221;-70px||||false|false&#8221; border_radii=&#8221;on|10px|10px|10px|10px&#8221; global_colors_info=&#8221;{}&#8221;][\/et_pb_image][\/et_pb_column][\/et_pb_row][et_pb_row column_structure=&#8221;1_3,1_3,1_3&#8243; use_custom_gutter=&#8221;on&#8221; gutter_width=&#8221;1&#8243; make_equal=&#8221;on&#8221; custom_padding_last_edited=&#8221;on|tablet&#8221; module_class=&#8221;counter-section&#8221; _builder_version=&#8221;4.26.0&#8243; _module_preset=&#8221;default&#8221; width=&#8221;90%&#8221; width_tablet=&#8221;80%&#8221; width_phone=&#8221;80%&#8221; width_last_edited=&#8221;on|tablet&#8221; max_width=&#8221;90%&#8221; max_width_tablet=&#8221;80%&#8221; max_width_phone=&#8221;80%&#8221; max_width_last_edited=&#8221;on|tablet&#8221; custom_padding=&#8221;0px||134px||false|false&#8221; custom_padding_tablet=&#8221;0px||64px||false|false&#8221; custom_padding_phone=&#8221;||54px||false|false&#8221; animation_style=&#8221;slide&#8221; animation_direction=&#8221;bottom&#8221; animation_intensity_slide=&#8221;15%&#8221; locked=&#8221;off&#8221; global_colors_info=&#8221;{}&#8221;][et_pb_column type=&#8221;1_3&#8243; _builder_version=&#8221;4.25.0&#8243; _module_preset=&#8221;default&#8221; custom_padding_tablet=&#8221;||27px||false|false&#8221; custom_padding_phone=&#8221;||0px||false|false&#8221; custom_padding_last_edited=&#8221;on|tablet&#8221; global_colors_info=&#8221;{}&#8221;][et_pb_number_counter title=&#8221;Antal \u00e5rs erfaring&#8221; number=&#8221;18&#8243; percent_sign=&#8221;off&#8221; admin_label=&#8221;15 Jahre Erfahrung&#8221; module_class=&#8221;greater-sign&#8221; _builder_version=&#8221;4.27.6&#8243; _module_preset=&#8221;default&#8221; global_colors_info=&#8221;{}&#8221;][\/et_pb_number_counter][\/et_pb_column][et_pb_column type=&#8221;1_3&#8243; _builder_version=&#8221;4.25.0&#8243; _module_preset=&#8221;default&#8221; custom_padding_tablet=&#8221;||27px||false|false&#8221; custom_padding_phone=&#8221;||0px||false|false&#8221; custom_padding_last_edited=&#8221;on|tablet&#8221; global_colors_info=&#8221;{}&#8221;][et_pb_number_counter title=&#8221;Tilfredse kunder&#8221; number=&#8221;2000&#8243; percent_sign=&#8221;off&#8221; admin_label=&#8221;200 Zufriedene Kunden&#8221; module_class=&#8221;greater-sign&#8221; _builder_version=&#8221;4.25.1&#8243; _module_preset=&#8221;default&#8221; global_colors_info=&#8221;{}&#8221;][\/et_pb_number_counter][\/et_pb_column][et_pb_column type=&#8221;1_3&#8243; _builder_version=&#8221;4.25.0&#8243; _module_preset=&#8221;default&#8221; global_colors_info=&#8221;{}&#8221;][et_pb_number_counter title=&#8221;Udf\u00f8rte behandlinger&#8221; number=&#8221;10000&#8243; percent_sign=&#8221;off&#8221; admin_label=&#8221;+1500 durchgef\u00fchrte Behandlungen&#8221; module_class=&#8221;plus-sign&#8221; _builder_version=&#8221;4.25.1&#8243; _module_preset=&#8221;default&#8221; global_colors_info=&#8221;{}&#8221;][\/et_pb_number_counter][\/et_pb_column][\/et_pb_row][et_pb_row column_structure=&#8221;1_2,1_2&#8243; use_custom_gutter=&#8221;on&#8221; gutter_width=&#8221;1&#8243; make_equal=&#8221;on&#8221; custom_padding_last_edited=&#8221;on|phone&#8221; module_class=&#8221;abt-person-info&#8221; _builder_version=&#8221;4.25.1&#8243; _module_preset=&#8221;default&#8221; background_color=&#8221;#FFFFFF&#8221; background_size=&#8221;contain&#8221; background_position=&#8221;top_center&#8221; width=&#8221;94%&#8221; width_tablet=&#8221;80%&#8221; width_phone=&#8221;80%&#8221; width_last_edited=&#8221;on|tablet&#8221; max_width=&#8221;94%&#8221; max_width_tablet=&#8221;80%&#8221; max_width_phone=&#8221;80%&#8221; max_width_last_edited=&#8221;on|tablet&#8221; custom_padding=&#8221;0px|0px|0px|0px|true|true&#8221; custom_padding_tablet=&#8221;40px|40px|40px|40px|true|true&#8221; custom_padding_phone=&#8221;25px|25px|25px|25px|true|true&#8221; border_radii=&#8221;on|20px|20px|20px|20px&#8221; border_radii_tablet=&#8221;on|20px|20px|20px|20px&#8221; border_radii_phone=&#8221;on|15px|15px|15px|15px&#8221; border_radii_last_edited=&#8221;on|phone&#8221; locked=&#8221;off&#8221; global_colors_info=&#8221;{}&#8221;][et_pb_column type=&#8221;1_2&#8243; module_class=&#8221;abt-img-col&#8221; _builder_version=&#8221;4.25.1&#8243; _module_preset=&#8221;default&#8221; background_enable_image=&#8221;off&#8221; background_position=&#8221;top_center&#8221; border_radii=&#8221;off|20px|||20px&#8221; global_colors_info=&#8221;{}&#8221;][et_pb_image title_text=&#8221;person-both-img&#8221; disabled_on=&#8221;on|on|off&#8221; admin_label=&#8221;Image One&#8221; module_class=&#8221;person-img1&#8243; _builder_version=&#8221;4.25.1&#8243; _module_preset=&#8221;default&#8221; background_image=&#8221;https:\/\/www.epiladerma.de\/wp-content\/uploads\/2024\/06\/person-both-img.jpg&#8221; parallax=&#8221;on&#8221; parallax_method=&#8221;off&#8221; global_colors_info=&#8221;{}&#8221;][\/et_pb_image][et_pb_image title_text=&#8221;person-Carsten-img&#8221; disabled_on=&#8221;on|on|off&#8221; admin_label=&#8221;Image Two&#8221; module_class=&#8221;person-img2&#8243; _builder_version=&#8221;4.25.1&#8243; _module_preset=&#8221;default&#8221; background_image=&#8221;https:\/\/www.epiladerma.de\/wp-content\/uploads\/2024\/06\/person-Carsten-img.jpg&#8221; parallax=&#8221;on&#8221; parallax_method=&#8221;off&#8221; global_colors_info=&#8221;{}&#8221;][\/et_pb_image][et_pb_image title_text=&#8221;person-tanja-img&#8221; disabled_on=&#8221;on|on|off&#8221; admin_label=&#8221;Image three&#8221; module_class=&#8221;person-img3&#8243; _builder_version=&#8221;4.25.1&#8243; _module_preset=&#8221;default&#8221; background_image=&#8221;https:\/\/www.epiladerma.de\/wp-content\/uploads\/2024\/06\/person-tanja-img.jpg&#8221; parallax=&#8221;on&#8221; parallax_method=&#8221;off&#8221; global_colors_info=&#8221;{}&#8221;][\/et_pb_image][\/et_pb_column][et_pb_column type=&#8221;1_2&#8243; module_class=&#8221;abt-person-text-col&#8221; _builder_version=&#8221;4.25.1&#8243; _module_preset=&#8221;default&#8221; custom_padding=&#8221;|100px||100px|false|true&#8221; custom_padding_tablet=&#8221;0px|0px|0px|0px|false|true&#8221; custom_padding_phone=&#8221;0px||0px|0px|false|false&#8221; custom_padding_last_edited=&#8221;on|tablet&#8221; animation_direction=&#8221;bottom&#8221; global_colors_info=&#8221;{}&#8221;][et_pb_image title_text=&#8221;person-both-img&#8221; disabled_on=&#8221;off|off|on&#8221; admin_label=&#8221;Image One&#8221; module_class=&#8221;person-img1&#8243; _builder_version=&#8221;4.25.1&#8243; _module_preset=&#8221;default&#8221; background_image=&#8221;https:\/\/www.epiladerma.de\/wp-content\/uploads\/2024\/06\/person-both-img.jpg&#8221; global_colors_info=&#8221;{}&#8221;][\/et_pb_image][et_pb_text disabled_on=&#8221;off|off|off&#8221; admin_label=&#8221;Wir von epilaDerma&#8221; module_class=&#8221;person-info person-info1&#8243; _builder_version=&#8221;4.27.6&#8243; _module_preset=&#8221;default&#8221; custom_margin=&#8221;||0px||false|false&#8221; custom_margin_tablet=&#8221;||43px||false|false&#8221; custom_margin_phone=&#8221;||26px||false|false&#8221; custom_margin_last_edited=&#8221;on|phone&#8221; animation_direction=&#8221;bottom&#8221; header_3_text_align_tablet=&#8221;center&#8221; header_3_text_align_phone=&#8221;center&#8221; header_3_text_align_last_edited=&#8221;on|tablet&#8221; global_colors_info=&#8221;{}&#8221;]<\/p>\n<h2>Vi hos <span>epilaDerma<\/span><\/h2>\n<h6>Vi hos epilaDerma har mange \u00e5rs erfaring inden for det medicinske omr\u00e5de og vil gerne pr\u00e6sentere os selv her.<\/h6>\n<p>[\/et_pb_text][et_pb_image title_text=&#8221;person-Carsten-img&#8221; disabled_on=&#8221;off|off|on&#8221; admin_label=&#8221;Image Two&#8221; module_class=&#8221;person-img2&#8243; _builder_version=&#8221;4.25.1&#8243; _module_preset=&#8221;default&#8221; background_image=&#8221;https:\/\/www.epiladerma.de\/wp-content\/uploads\/2024\/06\/person-Carsten-img.jpg&#8221; global_colors_info=&#8221;{}&#8221;][\/et_pb_image][et_pb_text content_tablet=&#8221;<\/p>\n<h3>Carsten M\u00fcllegger<\/h3>\n<p>Fachausbildung zum Notfallsanit\u00e4ter mit 23-j\u00e4hriger Berufserfahrung in der pr\u00e4klinischen Notfallmedizin. Studiogr\u00fcndung 2007.<\/p>\n<p>&#8221; content_phone=&#8221;<\/p>\n<h3>Carsten M\u00fcllegger<\/h3>\n<p>Fachausbildung zum Notfallsanit\u00e4ter mit 23-j\u00e4hriger Berufserfahrung in der pr\u00e4klinischen Notfallmedizin. Studiogr\u00fcndung 2007.<\/p>\n<p>&#8221; content_last_edited=&#8221;on|desktop&#8221; disabled_on=&#8221;off|off|off&#8221; admin_label=&#8221;Carsten M\u00fcllegger and Tanja Otte&#8221; module_class=&#8221;person-info person-info2&#8243; _builder_version=&#8221;4.27.6&#8243; _module_preset=&#8221;default&#8221; custom_margin=&#8221;||0px||false|false&#8221; custom_margin_tablet=&#8221;||53px||false|false&#8221; custom_margin_phone=&#8221;||34px||false|false&#8221; custom_margin_last_edited=&#8221;on|phone&#8221; animation_direction=&#8221;bottom&#8221; header_3_text_align_tablet=&#8221;center&#8221; header_3_text_align_phone=&#8221;center&#8221; header_3_text_align_last_edited=&#8221;on|tablet&#8221; global_colors_info=&#8221;{}&#8221;]<\/p>\n<h3>Carsten M\u00fcllegger<\/h3>\n<p>Specialistuddannelse som ambulancebehandler med 24 \u00e5rs erhvervserfaring inden for pr\u00e6klinisk akutmedicin. Grundlagde studiet i 2007.<\/p>\n<h3>Tanja Otte<\/h3>\n<p>Specialiseret uddannelse som tandprofylakseassistent med 30 \u00e5rs erhvervserfaring. Tanja har arbejdet hos epilaDerma siden 2010.[\/et_pb_text][et_pb_image title_text=&#8221;person-tanja-img&#8221; disabled_on=&#8221;off|off|on&#8221; admin_label=&#8221;Image three&#8221; module_class=&#8221;person-img3&#8243; _builder_version=&#8221;4.25.1&#8243; _module_preset=&#8221;default&#8221; background_image=&#8221;https:\/\/www.epiladerma.de\/wp-content\/uploads\/2024\/06\/person-tanja-img.jpg&#8221; global_colors_info=&#8221;{}&#8221;][\/et_pb_image][et_pb_text content_tablet=&#8221;<\/p>\n<h3>Tanja Otte<\/h3>\n<p>Fachausbildung zur zahnmedizinischen Prophylaxeassistentin mit 29-j\u00e4hriger Berufserfahrung. Tanja ist seit 2010 bei epilaDerma.<\/p>\n<p>&#8221; content_phone=&#8221;<\/p>\n<h3>Tanja Otte<\/h3>\n<p>Fachausbildung zur zahnmedizinischen Prophylaxeassistentin mit 29-j\u00e4hriger Berufserfahrung. Tanja ist seit 2010 bei epilaDerma.<\/p>\n<p>&#8221; content_last_edited=&#8221;on|desktop&#8221; disabled_on=&#8221;off|off|on&#8221; admin_label=&#8221;Tanja Otte&#8221; module_class=&#8221;person-info person-info3&#8243; _builder_version=&#8221;4.27.6&#8243; _module_preset=&#8221;default&#8221; custom_margin=&#8221;||0px||false|false&#8221; custom_margin_tablet=&#8221;||0px||false|false&#8221; custom_margin_phone=&#8221;||0px||false|false&#8221; custom_margin_last_edited=&#8221;on|phone&#8221; animation_direction=&#8221;bottom&#8221; header_3_text_align_tablet=&#8221;center&#8221; header_3_text_align_phone=&#8221;center&#8221; header_3_text_align_last_edited=&#8221;on|tablet&#8221; global_colors_info=&#8221;{}&#8221;]<\/p>\n<h3>Tanja Otte<\/h3>\n<p>Fachausbildung zur zahnmedizinischen Prophylaxeassistentin mit 30-j\u00e4hriger Berufserfahrung. Tanja ist seit 2010 bei epilaDerma. [\/et_pb_text][\/et_pb_column][\/et_pb_row][et_pb_row custom_padding_last_edited=&#8221;on|tablet&#8221; _builder_version=&#8221;4.26.0&#8243; _module_preset=&#8221;default&#8221; custom_padding=&#8221;138px||0px||false|false&#8221; custom_padding_tablet=&#8221;69px||0px||false|false&#8221; custom_padding_phone=&#8221;51px||||false|false&#8221; global_colors_info=&#8221;{}&#8221;][et_pb_column type=&#8221;4_4&#8243; _builder_version=&#8221;4.26.0&#8243; _module_preset=&#8221;default&#8221; global_colors_info=&#8221;{}&#8221;][et_pb_text disabled_on=&#8221;off|off|off&#8221; admin_label=&#8221;Ihr erster Schritt zu einer glatten, haarfreien Zukunft&#8221; module_class=&#8221;person-info person-info1&#8243; _builder_version=&#8221;4.26.0&#8243; _module_preset=&#8221;default&#8221; header_3_text_align=&#8221;center&#8221; custom_margin=&#8221;||13px||false|false&#8221; custom_margin_tablet=&#8221;||||false|false&#8221; custom_margin_phone=&#8221;||6px||false|false&#8221; custom_margin_last_edited=&#8221;on|phone&#8221; animation_style=&#8221;slide&#8221; animation_direction=&#8221;bottom&#8221; animation_intensity_slide=&#8221;10%&#8221; header_3_text_align_tablet=&#8221;center&#8221; header_3_text_align_phone=&#8221;center&#8221; header_3_text_align_last_edited=&#8221;on|tablet&#8221; global_colors_info=&#8221;{}&#8221;]<\/p>\n<h3>Dit f\u00f8rste skridt mod en glat, <span>h\u00e5rfri fremtid<\/span><\/h3>\n<p>[\/et_pb_text][et_pb_text disabled_on=&#8221;off|off|off&#8221; admin_label=&#8221;Ihr erster Schritt zu einer glatten, haarfreien Zukunft&#8221; module_class=&#8221;person-info person-info1&#8243; _builder_version=&#8221;4.26.0&#8243; _module_preset=&#8221;default&#8221; text_orientation=&#8221;center&#8221; custom_margin=&#8221;||41px||false|false&#8221; custom_margin_tablet=&#8221;||||false|false&#8221; custom_margin_phone=&#8221;||33px||false|false&#8221; custom_margin_last_edited=&#8221;on|phone&#8221; animation_style=&#8221;slide&#8221; animation_direction=&#8221;bottom&#8221; animation_intensity_slide=&#8221;10%&#8221; header_3_text_align_tablet=&#8221;center&#8221; header_3_text_align_phone=&#8221;center&#8221; header_3_text_align_last_edited=&#8221;on|tablet&#8221; global_colors_info=&#8221;{}&#8221;]<\/p>\n<p>Er du klar til en hud, der ikke bare er glat, men ogs\u00e5 str\u00e5lende? Book din gratis og uforpligtende konsultationsaftale med os nu. Oplev de muligheder, som IPL- og laserteknologi kan tilbyde dig. Vores specialiserede team med medicinsk specialuddannelse og mange \u00e5rs professionel erfaring inden for permanent h\u00e5rfjerning ser frem til at m\u00f8de dig og hj\u00e6lpe dig med at g\u00f8re din dr\u00f8m om perfekt hud til virkelighed.<\/p>\n<p>[\/et_pb_text][et_pb_button button_url=&#8221;@ET-DC@eyJkeW5hbWljIjp0cnVlLCJjb250ZW50IjoicG9zdF9saW5rX3VybF9wYWdlIiwic2V0dGluZ3MiOnsicG9zdF9pZCI6IjYzIiwiZW5hYmxlX2h0bWwiOiJvZmYifX0=@&#8221; button_text=&#8221;Jetzt Kontakt Aufnehmen&#8221; button_alignment=&#8221;center&#8221; _builder_version=&#8221;4.26.0&#8243; _dynamic_attributes=&#8221;button_url&#8221; _module_preset=&#8221;default&#8221; animation_style=&#8221;slide&#8221; animation_direction=&#8221;bottom&#8221; animation_intensity_slide=&#8221;10%&#8221; global_colors_info=&#8221;{}&#8221;][\/et_pb_button][\/et_pb_column][\/et_pb_row][\/et_pb_section][et_pb_section fb_built=&#8221;1&#8243; custom_padding_last_edited=&#8221;on|tablet&#8221; admin_label=&#8221;Testimonial Section&#8221; module_class=&#8221;testi-section&#8221; _builder_version=&#8221;4.26.0&#8243; _module_preset=&#8221;default&#8221; background_color=&#8221;gcid-secondary-color&#8221; custom_padding=&#8221;150px||150px||true|false&#8221; custom_padding_tablet=&#8221;71px||80px||false|false&#8221; custom_padding_phone=&#8221;52px||60px||false|false&#8221; collapsed=&#8221;off&#8221; global_colors_info=&#8221;{%22gcid-secondary-color%22:%91%22background_color%22%93}&#8221;][et_pb_row column_structure=&#8221;1_2,1_2&#8243; use_custom_gutter=&#8221;on&#8221; gutter_width=&#8221;1&#8243; make_equal=&#8221;on&#8221; _builder_version=&#8221;4.25.1&#8243; _module_preset=&#8221;default&#8221; width=&#8221;90%&#8221; width_tablet=&#8221;80%&#8221; width_phone=&#8221;80%&#8221; width_last_edited=&#8221;on|tablet&#8221; max_width=&#8221;90%&#8221; max_width_tablet=&#8221;80%&#8221; max_width_phone=&#8221;80%&#8221; max_width_last_edited=&#8221;on|tablet&#8221; custom_padding=&#8221;0px||0px||true|false&#8221; global_colors_info=&#8221;{}&#8221;][et_pb_column type=&#8221;1_2&#8243; _builder_version=&#8221;4.25.1&#8243; _module_preset=&#8221;default&#8221; custom_padding=&#8221;140px|100px|||false|false&#8221; custom_padding_tablet=&#8221;0px|0px|||false|false&#8221; custom_padding_phone=&#8221;0px|0px|||false|false&#8221; custom_padding_last_edited=&#8221;on|tablet&#8221; border_width_right=&#8221;1px&#8221; border_color_right=&#8221;rgba(255,255,255,0.3)&#8221; border_width_right_tablet=&#8221;0px&#8221; border_width_right_phone=&#8221;0px&#8221; border_width_right_last_edited=&#8221;on|tablet&#8221; global_colors_info=&#8221;{}&#8221;][et_pb_text admin_label=&#8221;H\u00f6ren Sie, was unsere Kunden zu sagen haben&#8221; _builder_version=&#8221;4.25.0&#8243; _module_preset=&#8221;default&#8221; header_2_text_color=&#8221;#FFFFFF&#8221; animation_style=&#8221;slide&#8221; animation_direction=&#8221;bottom&#8221; animation_intensity_slide=&#8221;20%&#8221; header_2_text_align_tablet=&#8221;center&#8221; header_2_text_align_phone=&#8221;center&#8221; header_2_text_align_last_edited=&#8221;on|tablet&#8221; global_colors_info=&#8221;{}&#8221;]<\/p>\n<h2>H\u00f8r, hvad vores kunder har at sige<\/h2>\n<p>[\/et_pb_text][et_pb_button button_url=&#8221;https:\/\/g.co\/kgs\/WRfgUx5&#8243; url_new_window=&#8221;on&#8221; button_text=&#8221;Kundenbewertungen anzeigen&#8221; button_alignment=&#8221;left&#8221; disabled_on=&#8221;on|on|off&#8221; _builder_version=&#8221;4.25.1&#8243; _module_preset=&#8221;default&#8221; custom_margin=&#8221;43px||||false|false&#8221; custom_margin_tablet=&#8221;0px||||false|false&#8221; custom_margin_phone=&#8221;0px||||false|false&#8221; custom_margin_last_edited=&#8221;on|tablet&#8221; animation_style=&#8221;slide&#8221; animation_direction=&#8221;bottom&#8221; animation_intensity_slide=&#8221;10%&#8221; global_colors_info=&#8221;{}&#8221;][\/et_pb_button][\/et_pb_column][et_pb_column type=&#8221;1_2&#8243; _builder_version=&#8221;4.25.0&#8243; _module_preset=&#8221;default&#8221; custom_padding=&#8221;100px||100px|100px|true|false&#8221; custom_padding_tablet=&#8221;20px||0px|0px|false|false&#8221; custom_padding_phone=&#8221;0px||0px|0px|false|false&#8221; custom_padding_last_edited=&#8221;on|tablet&#8221; global_colors_info=&#8221;{}&#8221;][et_pb_slider show_arrows=&#8221;off&#8221; admin_label=&#8221;Testimonial Slider&#8221; _builder_version=&#8221;4.26.0&#8243; _module_preset=&#8221;default&#8221; background_color=&#8221;RGBA(255,255,255,0)&#8221; custom_padding=&#8221;0px|0px|0px|0px|true|true&#8221; animation_style=&#8221;slide&#8221; animation_direction=&#8221;bottom&#8221; animation_intensity_slide=&#8221;5%&#8221; auto=&#8221;on&#8221; auto_speed=&#8221;9000&#8243; global_colors_info=&#8221;{}&#8221;][et_pb_slide heading=&#8221;Habe viel im Internet recherchiert und mir ein paar Seiten von Haarentfernungsstudios angesehen. Dabei fiel mir die Seite von epilaDerma besonders positiv auf. Habe daraufhin einen Termin f\u00fcr ein Beratungsgespr\u00e4ch vereinbart, was sehr ausf\u00fchrlich und professionell ablief. Ich hatte mir einige Fragen notiert, die jedoch alle schon w\u00e4hrend des Beratungsgespr\u00e4ches beantwortet wurden. Habe jetzt die 4. R\u00fcckenbehandlung hinter mir und sehe schon einen gro\u00dfen Unterschied. Freue mich auf den weiteren Verlauf und mache auf jeden Fall weiter.&#8221; _builder_version=&#8221;4.25.0&#8243; _module_preset=&#8221;default&#8221; background_color=&#8221;RGBA(255,255,255,0)&#8221; background_enable_color=&#8221;on&#8221; custom_padding=&#8221;0px|0px|0px|0px|true|true&#8221; global_colors_info=&#8221;{}&#8221; sticky_transition=&#8221;on&#8221;]<\/p>\n<h5>Ralf, 42 \u00e5r fra Flensburg<\/h5>\n<h6>Tilfreds kunde<\/h6>\n<p>[\/et_pb_slide][et_pb_slide heading=&#8221;Nach langem \u00dcberlegen habe ich mir die Achseln und den Intimbereich lasern lassen. Ich hatte immer gro\u00dfe Probleme mit Hautirritationen und Jucken nach dem rasieren. Jetzt nach 6 Behandlungen, sind die Haare fast weg. Es kommen nur noch vereinzelt d\u00fcnne Haare nach, die kaum zu sehen sind. Mein Fazit : h\u00e4tte ich es doch blo\u00df viel fr\u00fcher gemacht \u2013 Daumen hoch!!&#8221; _builder_version=&#8221;4.25.0&#8243; _module_preset=&#8221;default&#8221; background_color=&#8221;RGBA(255,255,255,0)&#8221; background_enable_color=&#8221;on&#8221; custom_padding=&#8221;0px|0px|0px|0px|true|true&#8221; global_colors_info=&#8221;{}&#8221; sticky_transition=&#8221;on&#8221;]<\/p>\n<h5>Jasmin, 29 \u00e5r fra Kappeln<\/h5>\n<h6>Tilfreds kunde<\/h6>\n<p>[\/et_pb_slide][et_pb_slide heading=&#8221;Tolle Behandlung! Tanja kann sehr gut beraten und Fragen beantworten und sowohl sie als auch die Klinik sind sehr professionell. Behandlungen bei Epiladerma sind SEHR empfehlenswert! Ich bin mit den Ergebnissen \u00e4u\u00dferst zufrieden und habe Laser auch sonst an vielen verschiedenen Orten ausprobiert. Dort unten wird sowohl D\u00e4nisch als auch Deutsch gesprochen, sodass es auch f\u00fcr diejenigen, die kein Deutsch k\u00f6nnen, trotzdem einfach nach Flensburg geht \ud83d\ude09\ud83d\udc4d\ud83c\udffc&#8221; _builder_version=&#8221;4.26.0&#8243; _module_preset=&#8221;default&#8221; background_color=&#8221;RGBA(255,255,255,0)&#8221; background_enable_color=&#8221;on&#8221; custom_padding=&#8221;0px|0px|0px|0px|true|true&#8221; global_colors_info=&#8221;{}&#8221; sticky_transition=&#8221;on&#8221;]<\/p>\n<h5>Ellen Sarrajian Laursen<\/h5>\n<h6>Tilfreds kunde<\/h6>\n<p>[\/et_pb_slide][et_pb_slide heading=&#8221;Epiladerma klasse Studio. Kann ich jedem nur empfehlen. Preis &#038; Leistungsverh\u00e4ltnis wunderbar. Inhaber sind sehr geschult und erkl\u00e4ren einem alles &#038; sind sehr freundlich und das Studio hygienisch einwandfrei &#038; dank Epiladerma endlich haarfrei.. vielen Dank! Komme gerne wieder f\u00fcr andere Bereiche.&#8221; _builder_version=&#8221;4.26.0&#8243; _module_preset=&#8221;default&#8221; background_color=&#8221;RGBA(255,255,255,0)&#8221; background_enable_color=&#8221;on&#8221; custom_padding=&#8221;0px|0px|0px|0px|true|true&#8221; global_colors_info=&#8221;{}&#8221; sticky_transition=&#8221;on&#8221;]<\/p>\n<h5>VJ<\/h5>\n<h6>Tilfreds kunde<\/h6>\n<p>[\/et_pb_slide][et_pb_slide heading=&#8221;Ich habe bereits mehrere Partien lasern lassen! Das Ergebnis ist einfach super toll!!! Die Beratung und Behandlung ist sehr kompetent und professionell! Auf jeden Fall weiter zu empfehlen!&#8221; _builder_version=&#8221;4.26.0&#8243; _module_preset=&#8221;default&#8221; background_color=&#8221;RGBA(255,255,255,0)&#8221; background_enable_color=&#8221;on&#8221; custom_padding=&#8221;0px|0px|0px|0px|true|true&#8221; global_colors_info=&#8221;{}&#8221; sticky_transition=&#8221;on&#8221;]<\/p>\n<h5>Yvonne Hammon<\/h5>\n<h6>Tilfreds kunde<\/h6>\n<p>[\/et_pb_slide][et_pb_slide heading=&#8221;Absolut freundlich und kompetent. Ich habe bereits Vergleichserfahrungen und kann epilaDerma herzlichst empfehlen. Tolle und umfassende Beratung, mit sehr guten Ergebnissen. Ich f\u00fchle mich wirklich sehr wohl hier.&#8221; _builder_version=&#8221;4.26.0&#8243; _module_preset=&#8221;default&#8221; background_color=&#8221;RGBA(255,255,255,0)&#8221; background_enable_color=&#8221;on&#8221; custom_padding=&#8221;0px|0px|0px|0px|true|true&#8221; global_colors_info=&#8221;{}&#8221; sticky_transition=&#8221;on&#8221;]<\/p>\n<h5>F.P.<\/h5>\n<h6>Tilfreds kunde<\/h6>\n<p>[\/et_pb_slide][et_pb_slide heading=&#8221;Ich kann epilaDerma nur weiterempfehlen. Schon nach wenigen Behandlungen konnte ich deutliche Ergebnisse sehen. Ich habe jetzt noch eine Behandlung vor mir, aber bin jetzt schon fast haarfrei und sehr sehr gl\u00fccklich mit dem Ergebnis. Zudem werde ich immer herzlich empfangen und f\u00fchle mich dort sehr wohl!&#8221; _builder_version=&#8221;4.26.0&#8243; _module_preset=&#8221;default&#8221; background_color=&#8221;RGBA(255,255,255,0)&#8221; background_enable_color=&#8221;on&#8221; custom_padding=&#8221;0px|0px|0px|0px|true|true&#8221; global_colors_info=&#8221;{}&#8221; sticky_transition=&#8221;on&#8221;]<\/p>\n<h5>Chiara-Sophie K\u00e4stel<\/h5>\n<h6>Tilfreds kunde<\/h6>\n<p>[\/et_pb_slide][et_pb_slide heading=&#8221;epilaDerma ist ein sehr sauberes und hygienisch einwandfreies Studio, in dem man sich sofort wohl und willkommen f\u00fchlt. Man wird in einem sehr modernen Ambiente unglaublich herzlich empfangen. Die Beratung, sowie auch die Behandlung sind sehr freundlich, kompetent und professionell. Ich habe bereits Vergleichserfahrungen und kann epilaDerma wirklich nur weiterempfehlen!&#8221; _builder_version=&#8221;4.26.0&#8243; _module_preset=&#8221;default&#8221; background_color=&#8221;RGBA(255,255,255,0)&#8221; background_enable_color=&#8221;on&#8221; custom_padding=&#8221;0px|0px|0px|0px|true|true&#8221; global_colors_info=&#8221;{}&#8221; sticky_transition=&#8221;on&#8221;]<\/p>\n<h5>Aleksandra Filax<\/h5>\n<h6>Tilfreds kunde<\/h6>\n<p>[\/et_pb_slide][et_pb_slide heading=&#8221;Man f\u00fchlt sich rundum wohl &#8211; Top-Beratung ohne falsche Versprechungen! Die Methode funktioniert, man sieht nach jeder Behandlung deutliche Ergebnisse! Tanja ist ein sehr angenehmer Gespr\u00e4chspartner, so dass man sich nicht langweilt oder sich unangenehm vorkommt! Danke daf\u00fcr! Das Studio ist sehr Hygiene-orientiert und super sauber! Absolut weiter zu empfehlen!&#8221; _builder_version=&#8221;4.26.0&#8243; _module_preset=&#8221;default&#8221; background_color=&#8221;RGBA(255,255,255,0)&#8221; background_enable_color=&#8221;on&#8221; custom_padding=&#8221;0px|0px|0px|0px|true|true&#8221; global_colors_info=&#8221;{}&#8221; sticky_transition=&#8221;on&#8221;]<\/p>\n<h5>Helena G\u00f6bel<\/h5>\n<h6>Tilfreds kunde<\/h6>\n<p>[\/et_pb_slide][et_pb_slide heading=&#8221;Wer eine wirksame und dauerhafte Haarentfernung sucht, die professionell und sehr hygienisch durchgef\u00fchrt wird, ist hier genau richtig. Bei Epiladerma wirst du sehr gut aufgekl\u00e4rt und es wird deutlich erkl\u00e4rt, was m\u00f6glich ist, je nach Haarbeschaffenheit. Ich kann die Praxis sehr weiterempfehlen und w\u00fcrde mich immer wieder f\u00fcr sie entscheiden. Ich f\u00fchle mich dort sehr wohl und bin mit meinem Ergebnis sehr zufrieden.&#8221; _builder_version=&#8221;4.26.0&#8243; _module_preset=&#8221;default&#8221; background_color=&#8221;RGBA(255,255,255,0)&#8221; background_enable_color=&#8221;on&#8221; custom_padding=&#8221;0px|0px|0px|0px|true|true&#8221; global_colors_info=&#8221;{}&#8221; sticky_transition=&#8221;on&#8221;]<\/p>\n<h5>B S<\/h5>\n<h6>Tilfreds kunde<\/h6>\n<p>[\/et_pb_slide][\/et_pb_slider][et_pb_button button_url=&#8221;https:\/\/g.co\/kgs\/WRfgUx5&#8243; url_new_window=&#8221;on&#8221; button_text=&#8221;Kundenbewertungen anzeigen&#8221; button_alignment=&#8221;center&#8221; disabled_on=&#8221;off|off|on&#8221; _builder_version=&#8221;4.25.1&#8243; _module_preset=&#8221;default&#8221; custom_margin=&#8221;43px||||false|false&#8221; animation_style=&#8221;slide&#8221; animation_direction=&#8221;bottom&#8221; animation_intensity_slide=&#8221;10%&#8221; global_colors_info=&#8221;{}&#8221;][\/et_pb_button][\/et_pb_column][\/et_pb_row][\/et_pb_section][et_pb_section fb_built=&#8221;1&#8243; admin_label=&#8221;Parallax Image 1&#8243; module_class=&#8221;parallex-img-section&#8221; _builder_version=&#8221;4.25.0&#8243; _module_preset=&#8221;default&#8221; background_image=&#8221;https:\/\/www.epiladerma.de\/wp-content\/uploads\/2024\/05\/parallax-img-1-1.jpg&#8221; parallax=&#8221;on&#8221; parallax_method=&#8221;off&#8221; collapsed=&#8221;on&#8221; global_colors_info=&#8221;{}&#8221;][\/et_pb_section][et_pb_section fb_built=&#8221;1&#8243; admin_label=&#8221;Parallax Image 2&#8243; module_class=&#8221;parallex-img-section&#8221; _builder_version=&#8221;4.25.0&#8243; _module_preset=&#8221;default&#8221; background_image=&#8221;https:\/\/www.epiladerma.de\/wp-content\/uploads\/2024\/05\/parallax-img-2-1.jpg&#8221; parallax=&#8221;on&#8221; parallax_method=&#8221;off&#8221; collapsed=&#8221;on&#8221; global_colors_info=&#8221;{}&#8221;][\/et_pb_section][et_pb_section fb_built=&#8221;1&#8243; admin_label=&#8221;Parallax Image 3&#8243; module_class=&#8221;parallex-img-section&#8221; _builder_version=&#8221;4.25.1&#8243; _module_preset=&#8221;default&#8221; background_image=&#8221;https:\/\/www.epiladerma.de\/wp-content\/uploads\/2024\/05\/parallax-img-3-2.jpg&#8221; parallax=&#8221;on&#8221; parallax_method=&#8221;off&#8221; collapsed=&#8221;on&#8221; global_colors_info=&#8221;{}&#8221;][\/et_pb_section][et_pb_section fb_built=&#8221;1&#8243; admin_label=&#8221;Parallax Image 4&#8243; module_class=&#8221;parallex-img-section img4&#8243; _builder_version=&#8221;4.25.0&#8243; _module_preset=&#8221;default&#8221; background_image=&#8221;https:\/\/www.epiladerma.de\/wp-content\/uploads\/2024\/05\/parallax-img-4-1.jpg&#8221; parallax=&#8221;on&#8221; parallax_method=&#8221;off&#8221; collapsed=&#8221;on&#8221; global_colors_info=&#8221;{}&#8221;][\/et_pb_section][et_pb_section fb_built=&#8221;1&#8243; custom_padding_last_edited=&#8221;on|tablet&#8221; admin_label=&#8221;Additional Information Section&#8221; module_class=&#8221;additional-info-section&#8221; _builder_version=&#8221;4.25.0&#8243; _module_preset=&#8221;default&#8221; background_color=&#8221;gcid-57d11f15-cc73-4093-8808-a4c8524a838e&#8221; custom_padding=&#8221;150px||0px||false|false&#8221; custom_padding_tablet=&#8221;80px||0px||false|false&#8221; custom_padding_phone=&#8221;60px||0px||false|false&#8221; collapsed=&#8221;off&#8221; global_colors_info=&#8221;{%22gcid-57d11f15-cc73-4093-8808-a4c8524a838e%22:%91%22background_color%22%93}&#8221;][et_pb_row column_structure=&#8221;2_3,1_3&#8243; use_custom_gutter=&#8221;on&#8221; gutter_width=&#8221;1&#8243; make_equal=&#8221;on&#8221; custom_padding_last_edited=&#8221;on|phone&#8221; _builder_version=&#8221;4.27.4&#8243; _module_preset=&#8221;default&#8221; background_color=&#8221;#BBDEF0&#8243; width=&#8221;94%&#8221; width_tablet=&#8221;80%&#8221; width_phone=&#8221;80%&#8221; width_last_edited=&#8221;on|tablet&#8221; max_width=&#8221;94%&#8221; max_width_tablet=&#8221;80%&#8221; max_width_phone=&#8221;80%&#8221; max_width_last_edited=&#8221;on|tablet&#8221; custom_margin=&#8221;||40px||false|false&#8221; custom_margin_tablet=&#8221;||80px||false|false&#8221; custom_margin_phone=&#8221;||60px||false|false&#8221; custom_margin_last_edited=&#8221;on|tablet&#8221; custom_padding=&#8221;30px|30px|30px|30px|true|true&#8221; custom_padding_tablet=&#8221;30px|30px|30px|30px|true|true&#8221; custom_padding_phone=&#8221;25px|20px|20px|20px|false|true&#8221; border_radii=&#8221;on|15px|15px|15px|15px&#8221; global_colors_info=&#8221;{}&#8221;][et_pb_column type=&#8221;2_3&#8243; _builder_version=&#8221;4.27.4&#8243; _module_preset=&#8221;default&#8221; custom_padding=&#8221;115px|80px|115px|50px|true|false&#8221; custom_padding_tablet=&#8221;0px|0px|50px|0px|false|true&#8221; custom_padding_phone=&#8221;||40px||false|false&#8221; custom_padding_last_edited=&#8221;on|tablet&#8221; global_colors_info=&#8221;{}&#8221;][et_pb_text _builder_version=&#8221;4.27.6&#8243; _module_preset=&#8221;default&#8221; header_3_text_align_tablet=&#8221;center&#8221; header_3_text_align_phone=&#8221;center&#8221; header_3_text_align_last_edited=&#8221;on|tablet&#8221; global_colors_info=&#8221;{}&#8221;]<\/p>\n<h3>Vores resultater taler for sig selv<\/h3>\n<p>[\/et_pb_text][et_pb_text _builder_version=&#8221;4.27.6&#8243; _module_preset=&#8221;default&#8221; custom_margin=&#8221;||41px||false|false&#8221; custom_margin_tablet=&#8221;||31px||false|false&#8221; custom_margin_phone=&#8221;||31px||false|false&#8221; custom_margin_last_edited=&#8221;on|tablet&#8221; text_orientation_tablet=&#8221;center&#8221; text_orientation_phone=&#8221;center&#8221; text_orientation_last_edited=&#8221;on|tablet&#8221; global_colors_info=&#8221;{}&#8221;]<\/p>\n<p>Overbevis dig selv om vores optimale resultater.<\/p>\n<p>[\/et_pb_text][et_pb_button button_url=&#8221;@ET-DC@eyJkeW5hbWljIjp0cnVlLCJjb250ZW50IjoicG9zdF9saW5rX3VybF9wYWdlIiwic2V0dGluZ3MiOnsicG9zdF9pZCI6IjIzNDkiLCJlbmFibGVfaHRtbCI6Im9mZiJ9fQ==@&#8221; button_text=&#8221;Vorher &#8211; Nacher Galerie&#8221; button_alignment_tablet=&#8221;center&#8221; button_alignment_phone=&#8221;center&#8221; button_alignment_last_edited=&#8221;on|tablet&#8221; _builder_version=&#8221;4.27.6&#8243; _dynamic_attributes=&#8221;button_url&#8221; _module_preset=&#8221;default&#8221; global_colors_info=&#8221;{}&#8221;][\/et_pb_button][\/et_pb_column][et_pb_column type=&#8221;1_3&#8243; _builder_version=&#8221;4.27.4&#8243; _module_preset=&#8221;default&#8221; background_image=&#8221;https:\/\/www.epiladerma.de\/wp-content\/uploads\/2024\/12\/cta-img-2.jpg&#8221; border_radii=&#8221;on|15px|15px|15px|15px&#8221; global_colors_info=&#8221;{}&#8221; custom_css_main_element_last_edited=&#8221;on|tablet&#8221; custom_css_main_element_tablet=&#8221;display: block !important;||height: 400px;&#8221; custom_css_main_element_phone=&#8221;display: block !important;||height: 280px;&#8221;][\/et_pb_column][\/et_pb_row][et_pb_row column_structure=&#8221;1_3,2_3&#8243; use_custom_gutter=&#8221;on&#8221; gutter_width=&#8221;1&#8243; make_equal=&#8221;on&#8221; custom_padding_last_edited=&#8221;on|tablet&#8221; _builder_version=&#8221;4.27.4&#8243; _module_preset=&#8221;default&#8221; background_color=&#8221;#FFFFFF&#8221; width=&#8221;94%&#8221; width_tablet=&#8221;80%&#8221; width_phone=&#8221;80%&#8221; width_last_edited=&#8221;on|tablet&#8221; max_width=&#8221;94%&#8221; max_width_tablet=&#8221;80%&#8221; max_width_phone=&#8221;80%&#8221; max_width_last_edited=&#8221;on|tablet&#8221; custom_padding=&#8221;69px|40px|67px|40px|false|true&#8221; custom_padding_tablet=&#8221;35px|40px|15px|40px|false|true&#8221; custom_padding_phone=&#8221;25px|25px|8px|25px|false|true&#8221; border_radii=&#8221;on|15px|15px|15px|15px&#8221; global_colors_info=&#8221;{}&#8221;][et_pb_column type=&#8221;1_3&#8243; module_class=&#8221;additional-info-colleft&#8221; _builder_version=&#8221;4.25.1&#8243; _module_preset=&#8221;default&#8221; custom_padding=&#8221;55px||||false|false&#8221; custom_padding_tablet=&#8221;0px||||false|false&#8221; custom_padding_phone=&#8221;0px||||false|false&#8221; custom_padding_last_edited=&#8221;on|tablet&#8221; global_colors_info=&#8221;{}&#8221;][et_pb_text admin_label=&#8221;Wichtige Sicherheitshinweise f\u00fcr Ihre IPL-Behandlung&#8221; _builder_version=&#8221;4.25.1&#8243; _module_preset=&#8221;default&#8221; custom_margin=&#8221;||14px||false|false&#8221; custom_margin_tablet=&#8221;||6px||false|false&#8221; custom_margin_phone=&#8221;||6px||false|false&#8221; custom_margin_last_edited=&#8221;on|tablet&#8221; custom_padding=&#8221;|||30px|false|false&#8221; custom_padding_tablet=&#8221;|||0px|false|false&#8221; custom_padding_phone=&#8221;|||0px|false|false&#8221; custom_padding_last_edited=&#8221;on|tablet&#8221; animation_style=&#8221;slide&#8221; animation_direction=&#8221;bottom&#8221; animation_intensity_slide=&#8221;15%&#8221; header_3_text_align_tablet=&#8221;center&#8221; header_3_text_align_phone=&#8221;center&#8221; header_3_text_align_last_edited=&#8221;on|tablet&#8221; header_5_text_align_tablet=&#8221;center&#8221; header_5_text_align_phone=&#8221;center&#8221; header_5_text_align_last_edited=&#8221;on|tablet&#8221; header_6_text_align_tablet=&#8221;center&#8221; header_6_text_align_phone=&#8221;center&#8221; header_6_text_align_last_edited=&#8221;on|tablet&#8221; global_colors_info=&#8221;{}&#8221;]<\/p>\n<h5>Vigtige sikkerhedsinstruktioner til din behandling<\/h5>\n<p>[\/et_pb_text][et_pb_text _builder_version=&#8221;4.25.1&#8243; _module_preset=&#8221;default&#8221; custom_padding=&#8221;|||30px|false|false&#8221; custom_padding_tablet=&#8221;|||0px|false|false&#8221; custom_padding_phone=&#8221;|||0px|false|false&#8221; custom_padding_last_edited=&#8221;on|tablet&#8221; animation_style=&#8221;slide&#8221; animation_direction=&#8221;bottom&#8221; animation_intensity_slide=&#8221;15%&#8221; text_orientation_tablet=&#8221;center&#8221; text_orientation_phone=&#8221;center&#8221; text_orientation_last_edited=&#8221;on|tablet&#8221; global_colors_info=&#8221;{}&#8221;]<\/p>\n<p>Selvom IPL- og laserteknologi generelt anses for at v\u00e6re sikker og sk\u00e5nsom mod v\u00e6vet, er der visse omst\u00e6ndigheder, hvor vi frar\u00e5der eller udskyder behandlingen.<\/p>\n<p>[\/et_pb_text][\/et_pb_column][et_pb_column type=&#8221;2_3&#8243; _builder_version=&#8221;4.25.1&#8243; _module_preset=&#8221;default&#8221; custom_padding=&#8221;|||80px|false|false&#8221; custom_padding_tablet=&#8221;15px|||0px|false|false&#8221; custom_padding_phone=&#8221;0px|||0px|false|false&#8221; custom_padding_last_edited=&#8221;on|tablet&#8221; global_colors_info=&#8221;{}&#8221;][et_pb_accordion _builder_version=&#8221;4.25.1&#8243; _module_preset=&#8221;default&#8221; animation_style=&#8221;slide&#8221; animation_direction=&#8221;bottom&#8221; animation_intensity_slide=&#8221;10%&#8221; global_colors_info=&#8221;{}&#8221;][et_pb_accordion_item title=&#8221;Kontraindikationer&#8221; open=&#8221;on&#8221; _builder_version=&#8221;4.25.1&#8243; _module_preset=&#8221;default&#8221; global_colors_info=&#8221;{}&#8221;]<\/p>\n<ul>\n<li><strong>Medicinering:<\/strong> Fotoepilering frar\u00e5des, hvis du tager lysf\u00f8lsom medicin, f.eks. visse antibiotika. I s\u00e5danne tilf\u00e6lde anbefaler vi at udskyde behandlingen.<\/li>\n<li><strong>Solallergi:<\/strong> Vi frar\u00e5der kunder med tendens til solallergi at anvende fotoepilering.<\/li>\n<li><strong>Graviditet:<\/strong> Vi udf\u00f8rer ikke fotoepilering under graviditet og anbefaler at vente til mindst 2-3 m\u00e5neder efter f\u00f8dslen, f\u00f8r behandlingen p\u00e5begyndes.<\/li>\n<\/ul>\n<p>[\/et_pb_accordion_item][et_pb_accordion_item title=&#8221;Refusion af omkostninger&#8221; _builder_version=&#8221;4.25.1&#8243; _module_preset=&#8221;default&#8221; global_colors_info=&#8221;{}&#8221; open=&#8221;off&#8221;]Udgifterne til kosmetiske indgreb som fotoepilering d\u00e6kkes normalt ikke af sygesikringen. I s\u00e6rlige tilf\u00e6lde kan det dog v\u00e6re muligt at f\u00e5 pengene tilbage. Vi anbefaler, at du kontakter dit sundhedsforsikringsselskab for at f\u00e5 bindende oplysninger.[\/et_pb_accordion_item][et_pb_accordion_item title=&#8221;Sikkerhedsinstruktioner&#8221; _builder_version=&#8221;4.25.1&#8243; _module_preset=&#8221;default&#8221; global_colors_info=&#8221;{}&#8221; open=&#8221;off&#8221;]<\/p>\n<ul>\n<li>Personer med pigmentforstyrrelser, neurodermatitis, psoriasis, bl\u00f8dningstendens, hudkr\u00e6ft, pacemakere, epilepsi, infektionssygdomme eller diabetes b\u00f8r kun gennemg\u00e5 fotoepilering efter grundig konsultation med en l\u00e6ge.<\/li>\n<li><strong>Tilstande i huden:<\/strong> S\u00e5r, eksem, hudbet\u00e6ndelse, m\u00f8rke moderm\u00e6rker, tatoveringer og implantater b\u00f8r ikke befinde sig i behandlingsomr\u00e5det og undg\u00e5s under behandlingen.<\/li>\n<ul>[\/et_pb_accordion_item][\/et_pb_accordion][\/et_pb_column][\/et_pb_row][\/et_pb_section][et_pb_section fb_built=&#8221;1&#8243; custom_padding_last_edited=&#8221;on|tablet&#8221; admin_label=&#8221;Phase Section&#8221; module_id=&#8221;ipl-lasertechnologie&#8221; module_class=&#8221;phase-section&#8221; _builder_version=&#8221;4.25.0&#8243; _module_preset=&#8221;default&#8221; background_color=&#8221;gcid-57d11f15-cc73-4093-8808-a4c8524a838e&#8221; custom_padding=&#8221;138px||550px||false|false&#8221; custom_padding_tablet=&#8221;71px||230px||false|false&#8221; custom_padding_phone=&#8221;49px||140px||false|false&#8221; global_colors_info=&#8221;{%22gcid-57d11f15-cc73-4093-8808-a4c8524a838e%22:%91%22background_color%22%93}&#8221;][et_pb_row _builder_version=&#8221;4.25.0&#8243; _module_preset=&#8221;default&#8221; custom_padding=&#8221;0px||0px||true|false&#8221; global_colors_info=&#8221;{}&#8221;][et_pb_column type=&#8221;4_4&#8243; _builder_version=&#8221;4.25.0&#8243; _module_preset=&#8221;default&#8221; global_colors_info=&#8221;{}&#8221;][et_pb_text admin_label=&#8221;Innovative Technologie f\u00fcr seidenglatte Haut&#8221; _builder_version=&#8221;4.25.1&#8243; _module_preset=&#8221;default&#8221; header_2_text_align=&#8221;center&#8221; custom_margin=&#8221;||22px||false|false&#8221; custom_margin_tablet=&#8221;||14px||false|false&#8221; custom_margin_phone=&#8221;||6px||false|false&#8221; custom_margin_last_edited=&#8221;on|tablet&#8221; animation_style=&#8221;slide&#8221; animation_direction=&#8221;bottom&#8221; animation_intensity_slide=&#8221;20%&#8221; global_colors_info=&#8221;{}&#8221;]<\/p>\n<h2>Permanent h\u00e5rfjerning for <span>silkebl\u00f8d hud gennem fotoepilering<\/span><\/h2>\n<p>[\/et_pb_text][et_pb_text admin_label=&#8221;epilaDerma f\u00fchrt j\u00e4hrlich hunderte von professionellen&#8230;&#8221; _builder_version=&#8221;4.25.1&#8243; _module_preset=&#8221;default&#8221; text_orientation=&#8221;center&#8221; max_width=&#8221;1050px&#8221; module_alignment=&#8221;center&#8221; custom_margin=&#8221;||40px||false|false&#8221; custom_margin_tablet=&#8221;||24px||false|false&#8221; custom_margin_phone=&#8221;||24px||false|false&#8221; custom_margin_last_edited=&#8221;on|tablet&#8221; animation_style=&#8221;slide&#8221; animation_direction=&#8221;bottom&#8221; animation_intensity_slide=&#8221;20%&#8221; global_colors_info=&#8221;{}&#8221;]<\/p>\n<p>epilaDerma udf\u00f8rer hvert \u00e5r hundredvis af professionelle behandlinger for permanent h\u00e5rfjerning. Vi bruger hudvenlige IPL- og laserteknologier, kendt som fotoepilering. Lyspulserne tr\u00e6nger ind i huden ved ca. 8 behandlinger med seks til otte ugers mellemrum og \u00f8del\u00e6gger h\u00e5rr\u00f8dderne og v\u00e6kstcellerne. Det sker uden den hudirritation, som andre h\u00e5rfjerningsmetoder kan for\u00e5rsage.<\/p>\n<p>[\/et_pb_text][et_pb_text admin_label=&#8221;Vergessen Sie von nun an das st\u00e4ndige Rasieren&#8230;&#8221; _builder_version=&#8221;4.25.1&#8243; _module_preset=&#8221;default&#8221; header_4_text_align=&#8221;center&#8221; max_width=&#8221;1050px&#8221; module_alignment=&#8221;center&#8221; custom_margin=&#8221;||3px||false|false&#8221; animation_style=&#8221;slide&#8221; animation_direction=&#8221;bottom&#8221; animation_intensity_slide=&#8221;20%&#8221; global_colors_info=&#8221;{}&#8221;]<\/p>\n<h4><b> <b> Fra nu af kan du glemme alt om konstant barbering, plukning, voksning eller epilering og nyde godt af permanent h\u00e5rfjerning.<\/h4>\n<p>[\/et_pb_text][et_pb_text admin_label=&#8221;Der Traum von einer seidenglatten und streichelzarten&#8230;&#8221; _builder_version=&#8221;4.25.0&#8243; _module_preset=&#8221;default&#8221; text_orientation=&#8221;center&#8221; max_width=&#8221;1000px&#8221; module_alignment=&#8221;center&#8221; animation_style=&#8221;slide&#8221; animation_direction=&#8221;bottom&#8221; animation_intensity_slide=&#8221;20%&#8221; global_colors_info=&#8221;{}&#8221;]<\/b><\/b><\/h4>\n<p>Dr\u00f8mmen om silkeglat og bl\u00f8d hud g\u00e5r i opfyldelse &#8211; p\u00e5 alle omr\u00e5der af kroppen, for kvinder og m\u00e6nd. epilaDerma giver dig ogs\u00e5 mulighed for at blive behandlet af vores kvindelige eller mandlige specialister.<\/p>\n<p>[\/et_pb_text][\/et_pb_column][\/et_pb_row][et_pb_row column_structure=&#8221;1_3,1_3,1_3&#8243; use_custom_gutter=&#8221;on&#8221; gutter_width=&#8221;2&#8243; make_equal=&#8221;on&#8221; custom_padding_last_edited=&#8221;on|tablet&#8221; module_class=&#8221;phase-col&#8221; _builder_version=&#8221;4.25.0&#8243; _module_preset=&#8221;default&#8221; width=&#8221;100%&#8221; max_width=&#8221;100%&#8221; custom_padding=&#8221;91px||0px||false|false&#8221; custom_padding_tablet=&#8221;53px||0px||false|false&#8221; custom_padding_phone=&#8221;33px||0px||false|false&#8221; global_colors_info=&#8221;{}&#8221;][et_pb_column type=&#8221;1_3&#8243; _builder_version=&#8221;4.25.0&#8243; _module_preset=&#8221;default&#8221; background_color=&#8221;gcid-901a796b-2c7a-4dc7-89e3-efb68f673ada&#8221; custom_padding=&#8221;55px|60px|89px|60px|false|true&#8221; custom_padding_tablet=&#8221;40px|40px|69px|40px|false|true&#8221; custom_padding_phone=&#8221;25px|25px|64px|25px|false|true&#8221; custom_padding_last_edited=&#8221;on|tablet&#8221; animation_style=&#8221;slide&#8221; animation_direction=&#8221;bottom&#8221; animation_intensity_slide=&#8221;5%&#8221; custom_css_before=&#8221;content: &#8216;1&#8217;;&#8221; border_radii=&#8221;on|10px|10px|10px|10px&#8221; global_colors_info=&#8221;{%22gcid-heading-color%22:%91%22background_color%22%93,%22gcid-901a796b-2c7a-4dc7-89e3-efb68f673ada%22:%91%22background_color%22%93}&#8221;][et_pb_image src=&#8221;https:\/\/www.epiladerma.de\/wp-content\/uploads\/2024\/05\/phases-3-icon.svg&#8221; title_text=&#8221;phases-3-icon&#8221; _builder_version=&#8221;4.25.0&#8243; _module_preset=&#8221;default&#8221; max_width=&#8221;160px&#8221; max_width_tablet=&#8221;120px&#8221; max_width_phone=&#8221;120px&#8221; max_width_last_edited=&#8221;on|tablet&#8221; custom_margin_tablet=&#8221;||17px||false|false&#8221; custom_margin_phone=&#8221;||17px||false|false&#8221; custom_margin_last_edited=&#8221;on|tablet&#8221; global_colors_info=&#8221;{}&#8221;][\/et_pb_image][et_pb_text admin_label=&#8221;Anagenphase&#8221; _builder_version=&#8221;4.25.0&#8243; _module_preset=&#8221;default&#8221; custom_margin=&#8221;||13px||false|false&#8221; custom_margin_tablet=&#8221;||5px||false|false&#8221; custom_margin_phone=&#8221;||5px||false|false&#8221; custom_margin_last_edited=&#8221;on|tablet&#8221; global_colors_info=&#8221;{}&#8221;]<\/p>\n<h4>Anagen fase<\/h4>\n<p>[\/et_pb_text][et_pb_text _builder_version=&#8221;4.25.0&#8243; _module_preset=&#8221;default&#8221; custom_margin_tablet=&#8221;||26px||false|false&#8221; custom_margin_phone=&#8221;||26px||false|false&#8221; custom_margin_last_edited=&#8221;on|tablet&#8221; global_colors_info=&#8221;{}&#8221;]<\/p>\n<p>H\u00e5rfolliklerne kan kun skleroseres i denne fase. Omkring 15% er i denne fase. Skleroterapi er muligt, fordi:<\/p>\n<p>[\/et_pb_text][et_pb_text _builder_version=&#8221;4.25.0&#8243; _module_preset=&#8221;default&#8221; custom_margin=&#8221;||0px||false|false&#8221; global_colors_info=&#8221;{}&#8221;]<\/p>\n<ul>\n<li>Indholdet af m\u00f8rk melanin er h\u00f8jest i denne fase.<\/li>\n<li>H\u00e5ret er forbundet med h\u00e5rs\u00e6kken.<\/li>\n<\/ul>\n<p>[\/et_pb_text][et_pb_text admin_label=&#8221;More Information Text&#8221; module_class=&#8221;phase-more-info&#8221; _builder_version=&#8221;4.25.0&#8243; _module_preset=&#8221;default&#8221; text_text_color=&#8221;#FFFFFF&#8221; custom_margin=&#8221;||0px||false|false&#8221; global_colors_info=&#8221;{}&#8221;]<\/p>\n<p>Den anagene fase er v\u00e6kstfasen, som kan vare fra to til syv \u00e5r. I l\u00f8bet af denne tid vokser h\u00e5ret aktivt, og h\u00e5rs\u00e6kkene er dybt forankret i l\u00e6derhuden. Varigheden af denne fase bestemmer den maksimale l\u00e6ngde, et h\u00e5r kan n\u00e5. Faktorer som genetik, kost og generel sundhed kan p\u00e5virke, hvor l\u00e6nge h\u00e5ret forbliver i denne fase.<\/p>\n<p>[\/et_pb_text][et_pb_button button_text=&#8221;Mehr Erfahren&#8221; _builder_version=&#8221;4.25.0&#8243; _module_preset=&#8221;default&#8221; global_colors_info=&#8221;{}&#8221;][\/et_pb_button][\/et_pb_column][et_pb_column type=&#8221;1_3&#8243; _builder_version=&#8221;4.25.0&#8243; _module_preset=&#8221;default&#8221; background_color=&#8221;gcid-901a796b-2c7a-4dc7-89e3-efb68f673ada&#8221; custom_padding=&#8221;55px|60px|89px|60px|false|true&#8221; custom_padding_tablet=&#8221;40px|40px|69px|40px|false|true&#8221; custom_padding_phone=&#8221;25px|25px|64px|25px|false|true&#8221; custom_padding_last_edited=&#8221;on|tablet&#8221; animation_style=&#8221;slide&#8221; animation_direction=&#8221;bottom&#8221; animation_delay=&#8221;300ms&#8221; animation_intensity_slide=&#8221;5%&#8221; custom_css_before=&#8221;content: &#8216;2&#8217;;&#8221; border_radii=&#8221;on|10px|10px|10px|10px&#8221; global_colors_info=&#8221;{%22gcid-heading-color%22:%91%22background_color%22,%22background_color%22,%22background_color%22%93,%22gcid-901a796b-2c7a-4dc7-89e3-efb68f673ada%22:%91%22background_color%22,%22background_color%22,%22background_color%22,%22background_color%22%93}&#8221;][et_pb_image src=&#8221;https:\/\/www.epiladerma.de\/wp-content\/uploads\/2024\/05\/phases-2-icon.svg&#8221; title_text=&#8221;phases-2-icon&#8221; _builder_version=&#8221;4.25.0&#8243; _module_preset=&#8221;default&#8221; max_width=&#8221;160px&#8221; max_width_tablet=&#8221;120px&#8221; max_width_phone=&#8221;120px&#8221; max_width_last_edited=&#8221;on|tablet&#8221; custom_margin_tablet=&#8221;||17px||false|false&#8221; custom_margin_phone=&#8221;||17px||false|false&#8221; custom_margin_last_edited=&#8221;on|tablet&#8221; global_colors_info=&#8221;{}&#8221;][\/et_pb_image][et_pb_text admin_label=&#8221;Katagenphase&#8221; _builder_version=&#8221;4.25.0&#8243; _module_preset=&#8221;default&#8221; custom_margin=&#8221;||13px||false|false&#8221; custom_margin_tablet=&#8221;||5px||false|false&#8221; custom_margin_phone=&#8221;||5px||false|false&#8221; custom_margin_last_edited=&#8221;on|tablet&#8221; global_colors_info=&#8221;{}&#8221;]<\/p>\n<h4>Katagen fase<\/h4>\n<p>[\/et_pb_text][et_pb_text _builder_version=&#8221;4.25.0&#8243; _module_preset=&#8221;default&#8221; custom_margin_tablet=&#8221;||26px||false|false&#8221; custom_margin_phone=&#8221;||26px||false|false&#8221; custom_margin_last_edited=&#8221;on|tablet&#8221; global_colors_info=&#8221;{}&#8221;]<\/p>\n<p>I denne fase kan h\u00e5rs\u00e6kken ikke sklerotiseres, fordi<\/p>\n<p>[\/et_pb_text][et_pb_text _builder_version=&#8221;4.25.0&#8243; _module_preset=&#8221;default&#8221; custom_margin=&#8221;||0px||false|false&#8221; global_colors_info=&#8221;{}&#8221;]<\/p>\n<ul>\n<li>Melaninproduktionen i h\u00e5rs\u00e6kken falder<\/li>\n<li>skiller h\u00e5rs\u00e6kken sig fra h\u00e5ret.<\/li>\n<\/ul>\n<p>[\/et_pb_text][et_pb_text admin_label=&#8221;More Information Text&#8221; module_class=&#8221;phase-more-info&#8221; _builder_version=&#8221;4.25.0&#8243; _module_preset=&#8221;default&#8221; text_text_color=&#8221;#FFFFFF&#8221; custom_margin=&#8221;||0px||false|false&#8221; global_colors_info=&#8221;{}&#8221;]<\/p>\n<p>Efter den anagene fase g\u00e5r h\u00e5ret ind i den katagene fase, en overgangsfase, der varer omkring to til tre uger. I l\u00f8bet af denne tid holder h\u00e5ret op med at vokse, og h\u00e5rs\u00e6kken skrumper ind. H\u00e5rroden afsk\u00e6res fra blodcirkulationen og begynder at l\u00f8sne sig fra den dermale papil. Denne fase markerer begyndelsen p\u00e5 h\u00e5rtabsprocessen, hvor h\u00e5ret skiller sig fra roden og er klar til at falde ud.<\/p>\n<p>[\/et_pb_text][et_pb_button button_text=&#8221;Mehr Erfahren&#8221; _builder_version=&#8221;4.25.0&#8243; _module_preset=&#8221;default&#8221; global_colors_info=&#8221;{}&#8221;][\/et_pb_button][\/et_pb_column][et_pb_column type=&#8221;1_3&#8243; _builder_version=&#8221;4.25.0&#8243; _module_preset=&#8221;default&#8221; background_color=&#8221;gcid-901a796b-2c7a-4dc7-89e3-efb68f673ada&#8221; custom_padding=&#8221;55px|60px|89px|60px|false|true&#8221; custom_padding_tablet=&#8221;40px|40px|69px|40px|false|true&#8221; custom_padding_phone=&#8221;25px|25px|64px|25px|false|true&#8221; custom_padding_last_edited=&#8221;on|tablet&#8221; animation_style=&#8221;slide&#8221; animation_direction=&#8221;bottom&#8221; animation_delay=&#8221;600ms&#8221; animation_intensity_slide=&#8221;5%&#8221; custom_css_before=&#8221;content: &#8216;3&#8217;;&#8221; border_radii=&#8221;on|10px|10px|10px|10px&#8221; global_colors_info=&#8221;{%22gcid-heading-color%22:%91%22background_color%22,%22background_color%22,%22background_color%22%93,%22gcid-901a796b-2c7a-4dc7-89e3-efb68f673ada%22:%91%22background_color%22,%22background_color%22,%22background_color%22,%22background_color%22%93}&#8221;][et_pb_image src=&#8221;https:\/\/www.epiladerma.de\/wp-content\/uploads\/2024\/05\/phases-1-icon.svg&#8221; title_text=&#8221;phases-1-icon&#8221; _builder_version=&#8221;4.25.0&#8243; _module_preset=&#8221;default&#8221; max_width=&#8221;160px&#8221; max_width_tablet=&#8221;120px&#8221; max_width_phone=&#8221;120px&#8221; max_width_last_edited=&#8221;on|tablet&#8221; custom_margin_tablet=&#8221;||17px||false|false&#8221; custom_margin_phone=&#8221;||17px||false|false&#8221; custom_margin_last_edited=&#8221;on|tablet&#8221; global_colors_info=&#8221;{}&#8221;][\/et_pb_image][et_pb_text admin_label=&#8221;Telogenphase&#8221; _builder_version=&#8221;4.25.0&#8243; _module_preset=&#8221;default&#8221; custom_margin=&#8221;||13px||false|false&#8221; custom_margin_tablet=&#8221;||5px||false|false&#8221; custom_margin_phone=&#8221;||5px||false|false&#8221; custom_margin_last_edited=&#8221;on|tablet&#8221; global_colors_info=&#8221;{}&#8221;]<\/p>\n<h4>Telogen fase<\/h4>\n<p>[\/et_pb_text][et_pb_text _builder_version=&#8221;4.25.0&#8243; _module_preset=&#8221;default&#8221; custom_margin=&#8221;||20px||false|false&#8221; global_colors_info=&#8221;{}&#8221;]<\/p>\n<p>H\u00e5rs\u00e6kkens hvilefase. I l\u00f8bet af denne fase tabes h\u00e5ret fra kroppen.<\/p>\n<p>[\/et_pb_text][et_pb_text module_class=&#8221;phase-more-info&#8221; _builder_version=&#8221;4.25.0&#8243; _module_preset=&#8221;default&#8221; text_text_color=&#8221;#FFFFFF&#8221; custom_margin=&#8221;||0px||false|false&#8221; global_colors_info=&#8221;{}&#8221;]<\/p>\n<p>Den sidste fase er den telogene fase, ogs\u00e5 kendt som hvilefasen, som varer omkring tre m\u00e5neder. I l\u00f8bet af denne tid hviler h\u00e5ret i folliklen, indtil det endelig falder ud. Det er en naturlig og sund del af h\u00e5rets cyklus, og omkring ti til femten procent af alt h\u00e5r er i denne fase p\u00e5 et givet tidspunkt. N\u00e5r h\u00e5ret er faldet af, begynder cyklussen igen med den anagene fase, og et nyt h\u00e5r begynder at vokse.<\/p>\n<p>[\/et_pb_text][et_pb_button button_text=&#8221;Mehr Erfahren&#8221; admin_label=&#8221;More Information Text&#8221; _builder_version=&#8221;4.25.0&#8243; _module_preset=&#8221;default&#8221; global_colors_info=&#8221;{}&#8221;][\/et_pb_button][\/et_pb_column][\/et_pb_row][et_pb_row use_custom_gutter=&#8221;on&#8221; gutter_width=&#8221;1&#8243; custom_padding_last_edited=&#8221;on|tablet&#8221; _builder_version=&#8221;4.27.4&#8243; _module_preset=&#8221;default&#8221; custom_padding=&#8221;74px||0px||false|false&#8221; custom_padding_tablet=&#8221;65px||0px||false|false&#8221; custom_padding_phone=&#8221;49px||||false|false&#8221; global_colors_info=&#8221;{}&#8221;][et_pb_column type=&#8221;4_4&#8243; _builder_version=&#8221;4.27.4&#8243; _module_preset=&#8221;default&#8221; global_colors_info=&#8221;{}&#8221;][et_pb_image src=&#8221;https:\/\/www.epiladerma.de\/wp-content\/uploads\/2025\/07\/NISV-Badge.svg&#8221; title_text=&#8221;NISV-Badge&#8221; _builder_version=&#8221;4.27.6&#8243; _module_preset=&#8221;default&#8221; max_width=&#8221;260px&#8221; max_width_tablet=&#8221;180px&#8221; max_width_phone=&#8221;150px&#8221; max_width_last_edited=&#8221;on|tablet&#8221; module_alignment=&#8221;center&#8221; custom_margin=&#8221;||22px||false|false&#8221; custom_margin_tablet=&#8221;||15px||false|false&#8221; custom_margin_phone=&#8221;||15px||false|false&#8221; custom_margin_last_edited=&#8221;on|tablet&#8221; animation_style=&#8221;slide&#8221; animation_direction=&#8221;bottom&#8221; animation_intensity_slide=&#8221;5%&#8221; hover_enabled=&#8221;0&#8243; global_colors_info=&#8221;{}&#8221; sticky_enabled=&#8221;0&#8243;][\/et_pb_image][et_pb_text admin_label=&#8221;Vergessen Sie von nun an das st\u00e4ndige Rasieren&#8230;&#8221; _builder_version=&#8221;4.27.6&#8243; _module_preset=&#8221;default&#8221; header_4_text_align=&#8221;center&#8221; max_width=&#8221;1100px&#8221; module_alignment=&#8221;center&#8221; custom_margin=&#8221;||-3px||false|false&#8221; custom_margin_tablet=&#8221;||-11px||false|false&#8221; custom_margin_phone=&#8221;||-11px||false|false&#8221; custom_margin_last_edited=&#8221;on|tablet&#8221; animation_style=&#8221;slide&#8221; animation_direction=&#8221;bottom&#8221; animation_intensity_slide=&#8221;20%&#8221; global_colors_info=&#8221;{}&#8221;]<\/p>\n<h4><wir sind=\"\" ein=\"\" nisv-zertifiziertes=\"\" studio=\"\" mit=\"\" h=\"\" sicherheits-=\"\" und=\"\" qualit=\"\" was=\"\" nisv=\"\" ist=\"\" wieso=\"\" das=\"\" wichtig=\"\" erfahren=\"\" sie=\"\" hier.=\"\">[\/et_pb_text][et_pb_button button_url=&#8221;\/da\/landing-af-nisv-certificering\/&#8221; button_text=&#8221;Mehr Erfahren&#8221; button_alignment=&#8221;center&#8221; button_alignment_tablet=&#8221;center&#8221; button_alignment_phone=&#8221;center&#8221; button_alignment_last_edited=&#8221;on|phone&#8221; _builder_version=&#8221;4.27.6&#8243; _module_preset=&#8221;default&#8221; custom_margin=&#8221;34px||||false|false&#8221; custom_margin_tablet=&#8221;34px||||false|false&#8221; custom_margin_phone=&#8221;34px||||false|false&#8221; custom_margin_last_edited=&#8221;on|tablet&#8221; hover_enabled=&#8221;0&#8243; global_colors_info=&#8221;{}&#8221; sticky_enabled=&#8221;0&#8243;][\/et_pb_button][\/et_pb_column][\/et_pb_row][\/et_pb_section][et_pb_section fb_built=&#8221;1&#8243; custom_padding_last_edited=&#8221;on|tablet&#8221; admin_label=&#8221;Price Section&#8221; module_id=&#8221;erfahrungen&#8221; module_class=&#8221;price-section&#8221; _builder_version=&#8221;4.25.0&#8243; _module_preset=&#8221;default&#8221; background_color=&#8221;#FFFFFF&#8221; custom_padding=&#8221;0px||141px||false|false&#8221; custom_padding_tablet=&#8221;||73px||false|false&#8221; custom_padding_phone=&#8221;||53px||false|false&#8221; global_colors_info=&#8221;{}&#8221;][et_pb_row use_custom_gutter=&#8221;on&#8221; gutter_width=&#8221;1&#8243; make_equal=&#8221;on&#8221; custom_padding_last_edited=&#8221;on|tablet&#8221; _builder_version=&#8221;4.25.1&#8243; _module_preset=&#8221;default&#8221; width=&#8221;100%&#8221; max_width=&#8221;100%&#8221; custom_padding=&#8221;0px|5%|0px|5%|true|true&#8221; custom_padding_tablet=&#8221;0px|10%|0px|10%|true|true&#8221; custom_padding_phone=&#8221;0px||0px|10%|true|false&#8221; global_colors_info=&#8221;{}&#8221;][et_pb_column type=&#8221;4_4&#8243; _builder_version=&#8221;4.25.0&#8243; _module_preset=&#8221;default&#8221; background_enable_image=&#8221;off&#8221; animation_style=&#8221;slide&#8221; animation_direction=&#8221;bottom&#8221; animation_intensity_slide=&#8221;5%&#8221; global_colors_info=&#8221;{}&#8221;][et_pb_image src=&#8221;https:\/\/www.epiladerma.de\/wp-content\/uploads\/2024\/05\/pricing-img-1.jpg&#8221; title_text=&#8221;pricing-img&#8221; _builder_version=&#8221;4.27.4&#8243; _module_preset=&#8221;default&#8221; custom_margin=&#8221;-400px||||false|false&#8221; custom_margin_tablet=&#8221;-150px||||false|false&#8221; custom_margin_phone=&#8221;-80px||||false|false&#8221; custom_margin_last_edited=&#8221;on|tablet&#8221; border_radii=&#8221;on|10px|10px|10px|10px&#8221; global_colors_info=&#8221;{}&#8221;][\/et_pb_image][\/et_pb_column][\/et_pb_row][et_pb_row custom_padding_last_edited=&#8221;on|tablet&#8221; _builder_version=&#8221;4.25.0&#8243; _module_preset=&#8221;default&#8221; custom_padding=&#8221;141px||0px||false|false&#8221; custom_padding_tablet=&#8221;68px||0px||false|false&#8221; custom_padding_phone=&#8221;50px||0px||false|false&#8221; global_colors_info=&#8221;{}&#8221;][et_pb_column type=&#8221;4_4&#8243; _builder_version=&#8221;4.25.0&#8243; _module_preset=&#8221;default&#8221; global_colors_info=&#8221;{}&#8221;][et_pb_text admin_label=&#8221;Das Beste f\u00fcr Haut und Geldbeutel&#8221; _builder_version=&#8221;4.25.0&#8243; _module_preset=&#8221;default&#8221; header_2_text_align=&#8221;center&#8221; custom_margin=&#8221;||23px||false|false&#8221; custom_margin_tablet=&#8221;||16px||false|false&#8221; custom_margin_phone=&#8221;||6px||false|false&#8221; custom_margin_last_edited=&#8221;on|tablet&#8221; animation_style=&#8221;slide&#8221; animation_direction=&#8221;bottom&#8221; animation_intensity_slide=&#8221;20%&#8221; global_colors_info=&#8221;{}&#8221;]<\/p>\n<h2>Det bedste for din <span>hud og pengepung<\/span><\/h2>\n<p>[\/et_pb_text][et_pb_text admin_label=&#8221;Qualit\u00e4t hat einen Preis, der sich bei uns&#8230;&#8221; _builder_version=&#8221;4.25.0&#8243; _module_preset=&#8221;default&#8221; text_orientation=&#8221;center&#8221; custom_margin_tablet=&#8221;||0px||false|false&#8221; custom_margin_phone=&#8221;||0px||false|false&#8221; custom_margin_last_edited=&#8221;on|tablet&#8221; animation_style=&#8221;slide&#8221; animation_direction=&#8221;bottom&#8221; animation_intensity_slide=&#8221;16%&#8221; global_colors_info=&#8221;{}&#8221;]<\/p>\n<p>Kvalitet har en pris, som for os er defineret ved et skr\u00e6ddersyet behandlingstilbud. Alle omkostninger, der er angivet i prislisten, er derfor omtrentlige v\u00e6rdier, som varierer afh\u00e6ngigt af kropsregionen og de ansl\u00e5ede omkostninger ved behandlingen.<\/p>\n<p>Ikke desto mindre beh\u00f8ver et godt resultat ikke at v\u00e6re dyrt. Lad os r\u00e5dgive dig &#8211; sammen finder vi den bedste l\u00f8sning for dig og din hud.<\/p>\n<p>[\/et_pb_text][\/et_pb_column][\/et_pb_row][et_pb_row column_structure=&#8221;1_3,1_3,1_3&#8243; use_custom_gutter=&#8221;on&#8221; gutter_width=&#8221;2&#8243; make_equal=&#8221;on&#8221; custom_padding_last_edited=&#8221;on|phone&#8221; module_class=&#8221;price-cols&#8221; _builder_version=&#8221;4.25.1&#8243; _module_preset=&#8221;default&#8221; width=&#8221;100%&#8221; max_width=&#8221;100%&#8221; custom_padding=&#8221;91px||0px||false|false&#8221; custom_padding_tablet=&#8221;52px||0px||false|false&#8221; custom_padding_phone=&#8221;33px||0px||false|false&#8221; animation_style=&#8221;slide&#8221; animation_direction=&#8221;bottom&#8221; animation_intensity_slide=&#8221;15%&#8221; global_colors_info=&#8221;{}&#8221;][et_pb_column type=&#8221;1_3&#8243; _builder_version=&#8221;4.25.0&#8243; _module_preset=&#8221;default&#8221; background_color=&#8221;gcid-heading-color&#8221; custom_padding=&#8221;50px|60px|35px|60px|false|true&#8221; custom_padding_tablet=&#8221;31px|40px|15px|40px|false|true&#8221; custom_padding_phone=&#8221;21px|25px||25px|false|true&#8221; custom_padding_last_edited=&#8221;on|tablet&#8221; animation_style=&#8221;slide&#8221; animation_direction=&#8221;bottom&#8221; animation_intensity_slide=&#8221;2%&#8221; border_radii=&#8221;on|10px|10px|10px|10px&#8221; global_colors_info=&#8221;{%22gcid-heading-color%22:%91%22background_color%22%93}&#8221;][et_pb_text admin_label=&#8221;Herren&#8221; _builder_version=&#8221;4.25.0&#8243; _module_preset=&#8221;default&#8221; header_3_text_color=&#8221;#FFFFFF&#8221; header_4_text_color=&#8221;#FFFFFF&#8221; custom_margin=&#8221;||23px||false|false&#8221; custom_margin_tablet=&#8221;||16px||false|false&#8221; custom_margin_phone=&#8221;||6px||false|false&#8221; custom_margin_last_edited=&#8221;on|tablet&#8221; global_colors_info=&#8221;{}&#8221;]<\/p>\n<h4>Herrer<\/h4>\n<p>[\/et_pb_text][et_pb_text admin_label=&#8221;Zw. Augenbraue&#8221; module_class=&#8221;price-module&#8221; _builder_version=&#8221;4.25.0&#8243; _module_preset=&#8221;default&#8221; text_text_color=&#8221;#FFFFFF&#8221; global_colors_info=&#8221;{}&#8221;]<\/p>\n<p><span class=\"item\">Zw. \u00d8jenbryn<\/span> <span class=\"price\">25 \u20ac<\/span><\/p>\n<p>[\/et_pb_text][et_pb_text admin_label=&#8221;Bart mit Hals&#8221; module_class=&#8221;price-module&#8221; _builder_version=&#8221;4.27.0&#8243; _module_preset=&#8221;default&#8221; text_text_color=&#8221;#FFFFFF&#8221; global_colors_info=&#8221;{}&#8221;]<\/p>\n<p><span class=\"item\">Sk\u00e6g med hals<\/span> <span class=\"price\">125 \u20ac<\/span><\/p>\n<p>[\/et_pb_text][et_pb_text admin_label=&#8221;Hals&#8221; module_class=&#8221;price-module&#8221; _builder_version=&#8221;4.25.0&#8243; _module_preset=&#8221;default&#8221; text_text_color=&#8221;#FFFFFF&#8221; global_colors_info=&#8221;{}&#8221;]<\/p>\n<p><span class=\"item\">Hals<\/span> <span class=\"price\">65 \u20ac<\/span><\/p>\n<p>[\/et_pb_text][et_pb_text admin_label=&#8221;Nacken&#8221; module_class=&#8221;price-module&#8221; _builder_version=&#8221;4.25.0&#8243; _module_preset=&#8221;default&#8221; text_text_color=&#8221;#FFFFFF&#8221; global_colors_info=&#8221;{}&#8221;]<\/p>\n<p><span class=\"item\">Hals<\/span> <span class=\"price\">45 \u20ac<\/span><\/p>\n<p>[\/et_pb_text][et_pb_text admin_label=&#8221;Schulter beidseitig&#8221; module_class=&#8221;price-module&#8221; _builder_version=&#8221;4.25.0&#8243; _module_preset=&#8221;default&#8221; text_text_color=&#8221;#FFFFFF&#8221; global_colors_info=&#8221;{}&#8221;]<span class=\"item\">Skulder p\u00e5 begge sider<\/span> <span class=\"price\">115 \u20ac<\/span>[\/et_pb_text][et_pb_text admin_label=&#8221;Achseln beidseitig&#8221; module_class=&#8221;price-module&#8221; _builder_version=&#8221;4.25.0&#8243; _module_preset=&#8221;default&#8221; text_text_color=&#8221;#FFFFFF&#8221; global_colors_info=&#8221;{}&#8221;]<\/p>\n<p><span class=\"item\">Armhuler p\u00e5 begge sider<\/span><span class=\"price\">60 \u20ac<\/span><\/p>\n<p>[\/et_pb_text][et_pb_text admin_label=&#8221;Arme beidseitig&#8221; module_class=&#8221;price-module&#8221; _builder_version=&#8221;4.25.0&#8243; _module_preset=&#8221;default&#8221; text_text_color=&#8221;#FFFFFF&#8221; global_colors_info=&#8221;{}&#8221;]<span class=\"item\">Arme p\u00e5 begge sider<\/span> <span class=\"price\">150 \u20ac<\/span>[\/et_pb_text][et_pb_text admin_label=&#8221;Brust&#8221; module_class=&#8221;price-module&#8221; _builder_version=&#8221;4.25.0&#8243; _module_preset=&#8221;default&#8221; text_text_color=&#8221;#FFFFFF&#8221; global_colors_info=&#8221;{}&#8221;]<span class=\"item\">Brystkasse<\/span> <span class=\"price\">120 \u20ac<\/span>[\/et_pb_text][et_pb_text admin_label=&#8221;Bauch&#8221; module_class=&#8221;price-module&#8221; _builder_version=&#8221;4.25.0&#8243; _module_preset=&#8221;default&#8221; text_text_color=&#8221;#FFFFFF&#8221; global_colors_info=&#8221;{}&#8221;]<span class=\"item\">Mave<\/span> <span class=\"price\">120 \u20ac<\/span>[\/et_pb_text][et_pb_text admin_label=&#8221;R\u00fccken&#8221; module_class=&#8221;price-module&#8221; _builder_version=&#8221;4.25.0&#8243; _module_preset=&#8221;default&#8221; text_text_color=&#8221;#FFFFFF&#8221; global_colors_info=&#8221;{}&#8221;]<\/p>\n<p><span class=\"item\">Ryg<\/span> <span class=\"price\">210 \u20ac<\/span><\/p>\n<p>[\/et_pb_text][et_pb_text admin_label=&#8221;Intimbereich&#8221; module_class=&#8221;price-module&#8221; _builder_version=&#8221;4.25.0&#8243; _module_preset=&#8221;default&#8221; text_text_color=&#8221;#FFFFFF&#8221; global_colors_info=&#8221;{}&#8221;]<\/p>\n<p><span class=\"item\">Intimt omr\u00e5de<\/span> <span class=\"price\">60 \u20ac<\/span><\/p>\n<p>[\/et_pb_text][et_pb_text admin_label=&#8221;H\u00e4nde beidseitig&#8221; module_class=&#8221;price-module&#8221; _builder_version=&#8221;4.25.0&#8243; _module_preset=&#8221;default&#8221; text_text_color=&#8221;#FFFFFF&#8221; global_colors_info=&#8221;{}&#8221;]<\/p>\n<p><span class=\"item\">H\u00e6nder p\u00e5 begge sider<\/span> <span class=\"price\">70 \u20ac<\/span><\/p>\n<p>[\/et_pb_text][et_pb_text admin_label=&#8221;Beine beidseitig&#8221; module_class=&#8221;price-module&#8221; _builder_version=&#8221;4.25.0&#8243; _module_preset=&#8221;default&#8221; text_text_color=&#8221;#FFFFFF&#8221; global_colors_info=&#8221;{}&#8221;]<\/p>\n<p><span class=\"item\">Ben p\u00e5 begge sider<\/span> <span class=\"price\">260 \u20ac<\/span><\/p>\n<p>[\/et_pb_text][et_pb_text admin_label=&#8221;F\u00fc\u00dfe beidseitig&#8221; module_class=&#8221;price-module&#8221; _builder_version=&#8221;4.25.0&#8243; _module_preset=&#8221;default&#8221; text_text_color=&#8221;#FFFFFF&#8221; global_colors_info=&#8221;{}&#8221;]<span class=\"item\">F\u00f8dder p\u00e5 begge sider<\/span> <span class=\"price\">40 \u20ac<\/span>[\/et_pb_text][\/et_pb_column][et_pb_column type=&#8221;1_3&#8243; module_class=&#8221;dark&#8221; _builder_version=&#8221;4.25.0&#8243; _module_preset=&#8221;default&#8221; background_color=&#8221;gcid-901a796b-2c7a-4dc7-89e3-efb68f673ada&#8221; custom_padding=&#8221;50px|60px|35px|60px|false|true&#8221; custom_padding_tablet=&#8221;31px|40px|15px|40px|false|true&#8221; custom_padding_phone=&#8221;21px|25px||25px|false|true&#8221; custom_padding_last_edited=&#8221;on|tablet&#8221; animation_style=&#8221;slide&#8221; animation_direction=&#8221;bottom&#8221; animation_delay=&#8221;300ms&#8221; animation_intensity_slide=&#8221;2%&#8221; border_radii=&#8221;on|10px|10px|10px|10px&#8221; global_colors_info=&#8221;{%22gcid-901a796b-2c7a-4dc7-89e3-efb68f673ada%22:%91%22background_color%22%93}&#8221;][et_pb_text admin_label=&#8221;Frauen&#8221; _builder_version=&#8221;4.25.0&#8243; _module_preset=&#8221;default&#8221; custom_margin=&#8221;||23px||false|false&#8221; custom_margin_tablet=&#8221;||16px||false|false&#8221; custom_margin_phone=&#8221;||6px||false|false&#8221; custom_margin_last_edited=&#8221;on|tablet&#8221; global_colors_info=&#8221;{}&#8221;]<\/p>\n<h4>Kvinder<\/h4>\n<p>[\/et_pb_text][et_pb_text admin_label=&#8221;Ganzes Gesicht&#8221; module_class=&#8221;price-module&#8221; _builder_version=&#8221;4.25.0&#8243; _module_preset=&#8221;default&#8221; global_colors_info=&#8221;{}&#8221;]<span class=\"item\">Hele ansigtet<\/span> <span class=\"price\">95 \u20ac<\/span>[\/et_pb_text][et_pb_text admin_label=&#8221;Koteletten&#8221; module_class=&#8221;price-module&#8221; _builder_version=&#8221;4.25.0&#8243; _module_preset=&#8221;default&#8221; global_colors_info=&#8221;{}&#8221;]<\/p>\n<p><span class=\"item\">Sk\u00e6gstubbe<\/span> <span class=\"price\">40 \u20ac<\/span><\/p>\n<p>[\/et_pb_text][et_pb_text admin_label=&#8221;Oberlippe&#8221; module_class=&#8221;price-module&#8221; _builder_version=&#8221;4.25.0&#8243; _module_preset=&#8221;default&#8221; global_colors_info=&#8221;{}&#8221;]<\/p>\n<p><span class=\"item\">Overl\u00e6be<\/span> <span class=\"price\">35 \u20ac<\/span><\/p>\n<p>[\/et_pb_text][et_pb_text admin_label=&#8221;Kinn&#8221; module_class=&#8221;price-module&#8221; _builder_version=&#8221;4.25.0&#8243; _module_preset=&#8221;default&#8221; global_colors_info=&#8221;{}&#8221;]<\/p>\n<p><span class=\"item\">Hage<\/span> <span class=\"price\">50 \u20ac<\/span><\/p>\n<p>[\/et_pb_text][et_pb_text admin_label=&#8221;Achsel beidseitig&#8221; module_class=&#8221;price-module&#8221; _builder_version=&#8221;4.25.0&#8243; _module_preset=&#8221;default&#8221; global_colors_info=&#8221;{}&#8221;]<\/p>\n<p><span class=\"item\">Under armene p\u00e5 begge sider<\/span> <span class=\"price\">60 \u20ac<\/span><\/p>\n<p>[\/et_pb_text][et_pb_text admin_label=&#8221;Bikinizone&#8221; module_class=&#8221;price-module&#8221; _builder_version=&#8221;4.25.0&#8243; _module_preset=&#8221;default&#8221; global_colors_info=&#8221;{}&#8221;]<span class=\"item\">Bikinilinje<\/span> <span class=\"price\">55 \u20ac<\/span>[\/et_pb_text][et_pb_text admin_label=&#8221;Intimbereich&#8221; module_class=&#8221;price-module&#8221; _builder_version=&#8221;4.25.0&#8243; _module_preset=&#8221;default&#8221; global_colors_info=&#8221;{}&#8221;]<\/p>\n<p><span class=\"item\">Intimt omr\u00e5de<\/span> <span class=\"price\">55 \u20ac<\/span><\/p>\n<p>[\/et_pb_text][et_pb_text admin_label=&#8221;Bikinizone &#038; Intimbereich&#8221; module_class=&#8221;price-module&#8221; _builder_version=&#8221;4.25.0&#8243; _module_preset=&#8221;default&#8221; global_colors_info=&#8221;{}&#8221;]<span class=\"item\">Bikinilinje og intimomr\u00e5de<\/span> <span class=\"price\">95 \u20ac<\/span>[\/et_pb_text][et_pb_text admin_label=&#8221;Oberschenkel beidseitig&#8221; module_class=&#8221;price-module&#8221; _builder_version=&#8221;4.25.0&#8243; _module_preset=&#8221;default&#8221; global_colors_info=&#8221;{}&#8221;]<\/p>\n<p><span class=\"item\">L\u00e5r p\u00e5 begge sider<\/span> <span class=\"price\">150 \u20ac<\/span><\/p>\n<p>[\/et_pb_text][et_pb_text admin_label=&#8221;Unterschenkel beidseitig&#8221; module_class=&#8221;price-module&#8221; _builder_version=&#8221;4.25.0&#8243; _module_preset=&#8221;default&#8221; global_colors_info=&#8221;{}&#8221;]<span class=\"item\">Underben p\u00e5 begge sider<\/span> <span class=\"price\">135 \u20ac<\/span>[\/et_pb_text][\/et_pb_column][et_pb_column type=&#8221;1_3&#8243; module_class=&#8221;last&#8221; _builder_version=&#8221;4.25.0&#8243; _module_preset=&#8221;default&#8221; background_enable_color=&#8221;off&#8221; animation_style=&#8221;slide&#8221; animation_direction=&#8221;bottom&#8221; animation_delay=&#8221;600ms&#8221; animation_intensity_slide=&#8221;2%&#8221; global_colors_info=&#8221;{%22gcid-heading-color%22:%91%22background_color%22%93}&#8221;][et_pb_text admin_label=&#8221;Herren Kombinationen&#8221; _builder_version=&#8221;4.26.0&#8243; _module_preset=&#8221;default&#8221; header_3_text_color=&#8221;#FFFFFF&#8221; header_4_text_color=&#8221;#FFFFFF&#8221; background_color=&#8221;gcid-heading-color&#8221; custom_margin=&#8221;||0px||false|false&#8221; custom_padding=&#8221;50px|60px|23px|60px|false|true&#8221; custom_padding_tablet=&#8221;31px|40px|16px|40px|false|true&#8221; custom_padding_phone=&#8221;21px|25px|6px|25px|false|true&#8221; custom_padding_last_edited=&#8221;on|tablet&#8221; border_radii=&#8221;off|10px|10px||&#8221; global_colors_info=&#8221;{%22gcid-heading-color%22:%91%22background_color%22%93}&#8221;]<\/p>\n<h4>Kombinationer til m\u00e6nd<\/h4>\n<p>[\/et_pb_text][et_pb_text admin_label=&#8221;Komplett Brust + Bauch&#8221; module_class=&#8221;price-module&#8221; _builder_version=&#8221;4.25.0&#8243; _module_preset=&#8221;default&#8221; text_text_color=&#8221;#FFFFFF&#8221; background_color=&#8221;gcid-heading-color&#8221; custom_padding=&#8221;|60px||60px|false|true&#8221; custom_padding_tablet=&#8221;|40px||40px|false|true&#8221; custom_padding_phone=&#8221;|25px||25px|false|true&#8221; custom_padding_last_edited=&#8221;on|tablet&#8221; global_colors_info=&#8221;{%22gcid-heading-color%22:%91%22background_color%22%93}&#8221;]<\/p>\n<p><span class=\"item\">Komplet bryst + mave<\/span><span class=\"price\">195 \u20ac<\/span><\/p>\n<p>[\/et_pb_text][et_pb_text admin_label=&#8221;R\u00fccken kompl. + Schulter + Nacken&#8221; module_class=&#8221;price-module&#8221; _builder_version=&#8221;4.27.4&#8243; _module_preset=&#8221;default&#8221; text_text_color=&#8221;#FFFFFF&#8221; background_color=&#8221;gcid-heading-color&#8221; custom_padding=&#8221;|60px||60px|false|true&#8221; custom_padding_tablet=&#8221;|40px||40px|false|true&#8221; custom_padding_phone=&#8221;|25px||25px|false|true&#8221; custom_padding_last_edited=&#8221;on|tablet&#8221; global_colors_info=&#8221;{%22gcid-heading-color%22:%91%22background_color%22,%22background_color%22%93}&#8221;]<\/p>\n<p><span class=\"item\">Ryg komplet + skulder + nakke<\/span><span class=\"price\">250 \u20ac<\/span><\/p>\n<p>[\/et_pb_text][et_pb_divider color=&#8221;RGBA(255,255,255,0)&#8221; _builder_version=&#8221;4.25.0&#8243; _module_preset=&#8221;default&#8221; background_color=&#8221;#081E29&#8243; height=&#8221;35px&#8221; height_tablet=&#8221;15px&#8221; height_phone=&#8221;15px&#8221; height_last_edited=&#8221;on|tablet&#8221; custom_margin=&#8221;||40px||false|false&#8221; border_radii=&#8221;off|||10px|10px&#8221; global_colors_info=&#8221;{}&#8221;][\/et_pb_divider][et_pb_text admin_label=&#8221;Frauen Kombinationen&#8221; _builder_version=&#8221;4.26.0&#8243; _module_preset=&#8221;default&#8221; header_3_text_color=&#8221;#FFFFFF&#8221; header_4_text_color=&#8221;#FFFFFF&#8221; background_color=&#8221;gcid-heading-color&#8221; custom_margin=&#8221;||0px||false|false&#8221; custom_padding=&#8221;50px|60px|23px|60px|false|true&#8221; custom_padding_tablet=&#8221;31px|40px|16px|40px|false|true&#8221; custom_padding_phone=&#8221;21px|25px|6px|25px|false|true&#8221; custom_padding_last_edited=&#8221;on|tablet&#8221; border_radii=&#8221;off|10px|10px||&#8221; border_width_top=&#8221;1px&#8221; border_color_top=&#8221;rgba(255,255,255,0.3)&#8221; global_colors_info=&#8221;{%22gcid-heading-color%22:%91%22background_color%22,%22background_color%22,%22background_color%22%93}&#8221;]<\/p>\n<h4>Kombinationer til kvinder<\/h4>\n<p>[\/et_pb_text][et_pb_text admin_label=&#8221;Ober- und Unterschenkel*&#8221; module_class=&#8221;price-module&#8221; _builder_version=&#8221;4.25.0&#8243; _module_preset=&#8221;default&#8221; text_text_color=&#8221;#FFFFFF&#8221; background_color=&#8221;gcid-heading-color&#8221; custom_padding=&#8221;|60px||60px|false|true&#8221; custom_padding_tablet=&#8221;|40px||40px|false|true&#8221; custom_padding_phone=&#8221;|25px||25px|false|true&#8221; custom_padding_last_edited=&#8221;on|tablet&#8221; global_colors_info=&#8221;{%22gcid-heading-color%22:%91%22background_color%22,%22background_color%22,%22background_color%22%93}&#8221;]<\/p>\n<p><span class=\"item\">Over- og underben*<\/span><span class=\"price\">240 \u20ac<\/span><\/p>\n<p>[\/et_pb_text][et_pb_text admin_label=&#8221;Achsel + Bikinizone + Intimbereich&#8221; module_class=&#8221;price-module&#8221; _builder_version=&#8221;4.25.0&#8243; _module_preset=&#8221;default&#8221; text_text_color=&#8221;#FFFFFF&#8221; background_color=&#8221;gcid-heading-color&#8221; custom_padding=&#8221;|60px||60px|false|true&#8221; custom_padding_tablet=&#8221;|40px||40px|false|true&#8221; custom_padding_phone=&#8221;|25px||25px|false|true&#8221; custom_padding_last_edited=&#8221;on|tablet&#8221; global_colors_info=&#8221;{%22gcid-heading-color%22:%91%22background_color%22,%22background_color%22,%22background_color%22%93}&#8221;]<span class=\"item\">Armhule + bikinilinje + intimomr\u00e5de<\/span><span class=\"price\">130 \u20ac<\/span>[\/et_pb_text][et_pb_divider color=&#8221;RGBA(255,255,255,0)&#8221; _builder_version=&#8221;4.25.0&#8243; _module_preset=&#8221;default&#8221; background_color=&#8221;#081E29&#8243; height=&#8221;35px&#8221; height_tablet=&#8221;15px&#8221; height_phone=&#8221;15px&#8221; height_last_edited=&#8221;on|tablet&#8221; border_radii=&#8221;off|||10px|10px&#8221; global_colors_info=&#8221;{}&#8221;][\/et_pb_divider][et_pb_button button_url=&#8221;https:\/\/www.epiladerma.de\/wp-content\/uploads\/2025\/07\/Aktuelle-Preisliste-2025.pdf&#8221; url_new_window=&#8221;on&#8221; button_text=&#8221;Download Preisliste&#8221; button_alignment=&#8221;left&#8221; button_alignment_tablet=&#8221;center&#8221; button_alignment_phone=&#8221;center&#8221; button_alignment_last_edited=&#8221;on|phone&#8221; _builder_version=&#8221;4.27.4&#8243; _module_preset=&#8221;default&#8221; custom_margin=&#8221;34px||||false|false&#8221; custom_margin_tablet=&#8221;34px||||false|false&#8221; custom_margin_phone=&#8221;34px||||false|false&#8221; custom_margin_last_edited=&#8221;on|tablet&#8221; global_colors_info=&#8221;{}&#8221;][\/et_pb_button][\/et_pb_column][\/et_pb_row][et_pb_row custom_padding_last_edited=&#8221;on|tablet&#8221; module_class=&#8221;price-info&#8221; _builder_version=&#8221;4.25.1&#8243; _module_preset=&#8221;default&#8221; custom_padding=&#8221;90px||0px||false|false&#8221; custom_padding_tablet=&#8221;49px||0px||false|false&#8221; custom_padding_phone=&#8221;21px||||false|false&#8221; animation_style=&#8221;slide&#8221; animation_direction=&#8221;bottom&#8221; animation_intensity_slide=&#8221;10%&#8221; global_colors_info=&#8221;{}&#8221;][et_pb_column type=&#8221;4_4&#8243; _builder_version=&#8221;4.25.0&#8243; _module_preset=&#8221;default&#8221; global_colors_info=&#8221;{}&#8221;][et_pb_text admin_label=&#8221;Profitieren Sie durch unsere individuelle Preisgestaltung.&#8221; _builder_version=&#8221;4.25.0&#8243; _module_preset=&#8221;default&#8221; header_2_text_align=&#8221;center&#8221; header_3_text_align=&#8221;center&#8221; header_4_text_align=&#8221;center&#8221; max_width=&#8221;1000px&#8221; module_alignment=&#8221;center&#8221; custom_margin=&#8221;||23px||false|false&#8221; custom_margin_tablet=&#8221;||23px||false|false&#8221; custom_margin_phone=&#8221;||16px||false|false&#8221; custom_margin_last_edited=&#8221;on|phone&#8221; global_colors_info=&#8221;{}&#8221;]<\/p>\n<h3>Drag fordel af vores skr\u00e6ddersyede priser.<\/h3>\n<p>[\/et_pb_text][et_pb_text admin_label=&#8221;Sie bekommen 15% Rabatt wenn Sie mehr als eine&#8230;&#8221; _builder_version=&#8221;4.25.0&#8243; _module_preset=&#8221;default&#8221; header_4_text_align=&#8221;center&#8221; header_5_text_align=&#8221;center&#8221; max_width=&#8221;1000px&#8221; module_alignment=&#8221;center&#8221; custom_margin=&#8221;||10px||false|false&#8221; global_colors_info=&#8221;{}&#8221;]<\/p>\n<h5>Du f\u00e5r <span>15 % rabat<\/span>, hvis du f\u00e5r behandlet mere end \u00e9n kropsregion hos os p\u00e5 samme tid.<\/h5>\n<p>[\/et_pb_text][et_pb_text admin_label=&#8221;* Die genannten Preise sind Nettopreise&#8230;&#8221; _builder_version=&#8221;4.27.0&#8243; _module_preset=&#8221;default&#8221; text_font=&#8221;||on||||||&#8221; header_6_text_align=&#8221;center&#8221; header_6_text_color=&#8221;gcid-primary-color&#8221; text_orientation=&#8221;center&#8221; global_colors_info=&#8221;{%22gcid-primary-color%22:%91%22header_6_text_color%22%93}&#8221;]<\/p>\n<p>* De angivne priser er nettopriser. De g\u00e6lder pr. session og betales kontant. Med forbehold for fejl.<\/p>\n<p>[\/et_pb_text][\/et_pb_column][\/et_pb_row][\/et_pb_section][et_pb_section fb_built=&#8221;1&#8243; _builder_version=&#8221;4.25.1&#8243; _module_preset=&#8221;default&#8221; custom_padding=&#8221;0px||0px||true|false&#8221; locked=&#8221;off&#8221; global_colors_info=&#8221;{}&#8221;][et_pb_row _builder_version=&#8221;4.25.1&#8243; _module_preset=&#8221;default&#8221; custom_padding=&#8221;0px||0px||true|false&#8221; global_colors_info=&#8221;{}&#8221;][et_pb_column type=&#8221;4_4&#8243; _builder_version=&#8221;4.25.1&#8243; _module_preset=&#8221;default&#8221; custom_css_main_element=&#8221;min-height: 0;&#8221; global_colors_info=&#8221;{}&#8221;][et_pb_code admin_label=&#8221;Person Slider Script&#8221; _builder_version=&#8221;4.25.1&#8243; _module_preset=&#8221;default&#8221; locked=&#8221;on&#8221; global_colors_info=&#8221;{}&#8221;]<script><!-- [et_pb_line_break_holder] -->\tjQuery(document).ready(function( $ ){<!-- [et_pb_line_break_holder] -->\t\t<!-- [et_pb_line_break_holder] -->\t\t$(window).scroll(function(){<!-- [et_pb_line_break_holder] -->\t\t\tvar personImg1 = $('.person-img1').offset();<!-- [et_pb_line_break_holder] -->\t\t\tvar personImg2 = $('.person-img2').offset();<!-- [et_pb_line_break_holder] -->\t\t\tvar personImg3 = $('.person-img3').offset();<!-- [et_pb_line_break_holder] -->\t\t\t$('.person-info1').addClass('show');<!-- [et_pb_line_break_holder] -->\t\t\t$('.person-info3').removeClass('show');<!-- [et_pb_line_break_holder] -->\t\t\t<!-- [et_pb_line_break_holder] -->\t\t\tif ($(window).scrollTop() >= personImg1.top - 100) {<!-- [et_pb_line_break_holder] -->\t\t\t\t$('.person-info1').addClass('show');<!-- [et_pb_line_break_holder] -->\t\t\t\t$('.person-info2').removeClass('show');<!-- [et_pb_line_break_holder] -->\t\t\t\t$('.person-info3').removeClass('show');<!-- [et_pb_line_break_holder] -->\t\t\t}<!-- [et_pb_line_break_holder] -->\t\t\tif ($(window).scrollTop() >= personImg2.top - 100) {<!-- [et_pb_line_break_holder] -->\t\t\t\t$('.person-info2').addClass('show');<!-- [et_pb_line_break_holder] -->\t\t\t\t$('.person-info1').removeClass('show');<!-- [et_pb_line_break_holder] -->\t\t\t\t$('.person-info3').removeClass('show');<!-- [et_pb_line_break_holder] -->\t\t\t}<!-- [et_pb_line_break_holder] -->\t\t\tif ($(window).scrollTop() >= personImg3.top - 100) {<!-- [et_pb_line_break_holder] -->\t\t\t\t$('.person-info1').removeClass('show');<!-- [et_pb_line_break_holder] -->\t\t\t}<!-- [et_pb_line_break_holder] -->\t\t});<!-- [et_pb_line_break_holder] -->\t\t\t\t<!-- [et_pb_line_break_holder] -->\t});<!-- [et_pb_line_break_holder] --> <\/script> <!-- [et_pb_line_break_holder] --><!-- [et_pb_line_break_holder] --><!-- [et_pb_line_break_holder] --><!-- [et_pb_line_break_holder] --><!-- [et_pb_line_break_holder] --><!-- [et_pb_line_break_holder] --><!-- [et_pb_line_break_holder] --><!-- [et_pb_line_break_holder] --><!-- [et_pb_line_break_holder] --><!-- [et_pb_line_break_holder] --><!-- [et_pb_line_break_holder] --><!-- [et_pb_line_break_holder] --><!-- [et_pb_line_break_holder] --><!-- [et_pb_line_break_holder] --><!-- [et_pb_line_break_holder] -->[\/et_pb_code][\/et_pb_column][\/et_pb_row][\/et_pb_section]<\/p>\n","protected":false},"excerpt":{"rendered":"<p>Hos epilaDerma, din betroede specialist i permanent h\u00e5rfjerning i Flensborg og omegn, finder du b\u00e5de IPL- og laserteknologi til at fjerne u\u00f8nsket kropsbeh\u00e5ring smertefrit og permanent ved hj\u00e6lp af fotoepilering.  <\/p>\n","protected":false},"author":2,"featured_media":0,"parent":0,"menu_order":0,"comment_status":"closed","ping_status":"closed","template":"","meta":{"_et_pb_use_builder":"on","_et_pb_old_content":"","_et_gb_content_width":"","inline_featured_image":false,"footnotes":""},"class_list":["post-1600","page","type-page","status-publish","hentry"],"_links":{"self":[{"href":"https:\/\/www.epiladerma.de\/da\/wp-json\/wp\/v2\/pages\/1600","targetHints":{"allow":["GET"]}}],"collection":[{"href":"https:\/\/www.epiladerma.de\/da\/wp-json\/wp\/v2\/pages"}],"about":[{"href":"https:\/\/www.epiladerma.de\/da\/wp-json\/wp\/v2\/types\/page"}],"author":[{"embeddable":true,"href":"https:\/\/www.epiladerma.de\/da\/wp-json\/wp\/v2\/users\/2"}],"replies":[{"embeddable":true,"href":"https:\/\/www.epiladerma.de\/da\/wp-json\/wp\/v2\/comments?post=1600"}],"version-history":[{"count":9,"href":"https:\/\/www.epiladerma.de\/da\/wp-json\/wp\/v2\/pages\/1600\/revisions"}],"predecessor-version":[{"id":3233,"href":"https:\/\/www.epiladerma.de\/da\/wp-json\/wp\/v2\/pages\/1600\/revisions\/3233"}],"wp:attachment":[{"href":"https:\/\/www.epiladerma.de\/da\/wp-json\/wp\/v2\/media?parent=1600"}],"curies":[{"name":"wp","href":"https:\/\/api.w.org\/{rel}","templated":true}]}}